{"id":2034,"date":"2025-08-26T09:47:54","date_gmt":"2025-08-26T09:47:54","guid":{"rendered":"https:\/\/www.sedackyajnamieru.sk\/wordpress\/?page_id=2034"},"modified":"2026-01-06T22:26:48","modified_gmt":"2026-01-06T22:26:48","slug":"eduard","status":"publish","type":"page","link":"https:\/\/www.sedackyajnamieru.sk\/hu\/sedacky\/eduard\/","title":{"rendered":"Eduard"},"content":{"rendered":"<div data-elementor-type=\"wp-post\" data-elementor-id=\"2034\" class=\"elementor elementor-2034\" data-elementor-post-type=\"page\">\n\t\t\t\t<div class=\"elementor-element elementor-element-4458b67 e-grid e-con-full e-con e-parent\" data-id=\"4458b67\" data-element_type=\"container\" data-e-type=\"container\" data-settings=\"{&quot;background_background&quot;:&quot;classic&quot;}\">\n\t\t<div class=\"elementor-element elementor-element-399c1ca e-con-full e-flex e-con e-child\" data-id=\"399c1ca\" data-element_type=\"container\" data-e-type=\"container\" data-settings=\"{&quot;background_background&quot;:&quot;classic&quot;}\">\n\t\t\t\t<\/div>\n\t\t<div class=\"elementor-element elementor-element-6f6cefd e-con-full e-flex e-con e-child\" data-id=\"6f6cefd\" data-element_type=\"container\" data-e-type=\"container\" data-settings=\"{&quot;background_background&quot;:&quot;classic&quot;}\">\n\t\t\t\t<div class=\"elementor-element elementor-element-5029171 elementor-widget elementor-widget-heading\" data-id=\"5029171\" data-element_type=\"widget\" data-e-type=\"widget\" data-widget_type=\"heading.default\">\n\t\t\t\t<div class=\"elementor-widget-container\">\n\t\t\t\t\t<h4 class=\"elementor-heading-title elementor-size-default\">kanap\u00e9<\/h4>\t\t\t\t<\/div>\n\t\t\t\t<\/div>\n\t\t\t\t<div class=\"elementor-element elementor-element-2a3b53a elementor-widget elementor-widget-heading\" data-id=\"2a3b53a\" data-element_type=\"widget\" data-e-type=\"widget\" data-widget_type=\"heading.default\">\n\t\t\t\t<div class=\"elementor-widget-container\">\n\t\t\t\t\t<h1 class=\"elementor-heading-title elementor-size-default\">Eduard<\/h1>\t\t\t\t<\/div>\n\t\t\t\t<\/div>\n\t\t\t\t<div class=\"elementor-element elementor-element-f0cbea3 elementor-widget elementor-widget-text-editor\" data-id=\"f0cbea3\" data-element_type=\"widget\" data-e-type=\"widget\" data-widget_type=\"text-editor.default\">\n\t\t\t\t<div class=\"elementor-widget-container\">\n\t\t\t\t\t\t\t\t\t<p>A kanap\u00e9 a v\u00e1s\u00e1rl\u00f3 egyedi tervei alapj\u00e1n k\u00e9sz\u00fclt, \u00e9s a nagy \u00e9rdekl\u0151d\u00e9snek k\u00f6sz\u00f6nhet\u0151en \u00e1lland\u00f3 modelljeink k\u00f6z\u00e9 ker\u00fclt. Letisztult vonalai, d\u00f6nthet\u0151 fejt\u00e1ml\u00e1i \u00e9s m\u00e9ly \u00fcl\u0151fel\u00fclete teszik igaz\u00e1n k\u00fcl\u00f6nlegess\u00e9. Ide\u00e1lis v\u00e1laszt\u00e1s modern \u00e9s minimalista enteri\u0151r\u00f6kbe. Term\u00e9szetesen sz\u00f6vet- \u00e9s b\u0151rkanap\u00e9 kivitelben is el\u00e9rhet\u0151.<\/p>\t\t\t\t\t\t\t\t<\/div>\n\t\t\t\t<\/div>\n\t\t\t\t<div class=\"elementor-element elementor-element-09d6a6d e-transform e-transform elementor-widget elementor-widget-button\" data-id=\"09d6a6d\" data-element_type=\"widget\" data-e-type=\"widget\" data-settings=\"{&quot;_animation&quot;:&quot;none&quot;,&quot;_transform_rotateZ_effect&quot;:{&quot;unit&quot;:&quot;px&quot;,&quot;size&quot;:&quot;&quot;,&quot;sizes&quot;:[]},&quot;_transform_rotateZ_effect_tablet&quot;:{&quot;unit&quot;:&quot;deg&quot;,&quot;size&quot;:&quot;&quot;,&quot;sizes&quot;:[]},&quot;_transform_rotateZ_effect_mobile&quot;:{&quot;unit&quot;:&quot;deg&quot;,&quot;size&quot;:&quot;&quot;,&quot;sizes&quot;:[]},&quot;_transform_skewX_effect&quot;:{&quot;unit&quot;:&quot;px&quot;,&quot;size&quot;:&quot;&quot;,&quot;sizes&quot;:[]},&quot;_transform_skewX_effect_tablet&quot;:{&quot;unit&quot;:&quot;deg&quot;,&quot;size&quot;:&quot;&quot;,&quot;sizes&quot;:[]},&quot;_transform_skewX_effect_mobile&quot;:{&quot;unit&quot;:&quot;deg&quot;,&quot;size&quot;:&quot;&quot;,&quot;sizes&quot;:[]},&quot;_transform_skewY_effect&quot;:{&quot;unit&quot;:&quot;px&quot;,&quot;size&quot;:&quot;&quot;,&quot;sizes&quot;:[]},&quot;_transform_skewY_effect_tablet&quot;:{&quot;unit&quot;:&quot;deg&quot;,&quot;size&quot;:&quot;&quot;,&quot;sizes&quot;:[]},&quot;_transform_skewY_effect_mobile&quot;:{&quot;unit&quot;:&quot;deg&quot;,&quot;size&quot;:&quot;&quot;,&quot;sizes&quot;:[]}}\" data-widget_type=\"button.default\">\n\t\t\t\t<div class=\"elementor-widget-container\">\n\t\t\t\t\t\t\t\t\t<div class=\"elementor-button-wrapper\">\n\t\t\t\t\t<a class=\"elementor-button elementor-button-link elementor-size-sm\" href=\"https:\/\/www.sedackyajnamieru.sk\/hu\/contact\/\">\n\t\t\t\t\t\t<span class=\"elementor-button-content-wrapper\">\n\t\t\t\t\t\t<span class=\"elementor-button-icon\">\n\t\t\t\t<i aria-hidden=\"true\" class=\"far fa-calendar-alt\"><\/i>\t\t\t<\/span>\n\t\t\t\t\t\t\t\t\t<span class=\"elementor-button-text\">Id\u0151pontfoglal\u00e1s<\/span>\n\t\t\t\t\t<\/span>\n\t\t\t\t\t<\/a>\n\t\t\t\t<\/div>\n\t\t\t\t\t\t\t\t<\/div>\n\t\t\t\t<\/div>\n\t\t\t\t<div class=\"elementor-element elementor-element-c412dfe elementor-widget-divider--view-line elementor-widget elementor-widget-divider\" data-id=\"c412dfe\" data-element_type=\"widget\" data-e-type=\"widget\" data-widget_type=\"divider.default\">\n\t\t\t\t<div class=\"elementor-widget-container\">\n\t\t\t\t\t\t\t<div class=\"elementor-divider\">\n\t\t\t<span class=\"elementor-divider-separator\">\n\t\t\t\t\t\t<\/span>\n\t\t<\/div>\n\t\t\t\t\t\t<\/div>\n\t\t\t\t<\/div>\n\t\t<a class=\"elementor-element elementor-element-2e8f727 e-con-full e-flex e-con e-child\" data-id=\"2e8f727\" data-element_type=\"container\" data-e-type=\"container\" href=\"#galeria\">\n\t\t\t\t<div class=\"elementor-element elementor-element-7b05ff4 elementor-widget elementor-widget-heading\" data-id=\"7b05ff4\" data-element_type=\"widget\" data-e-type=\"widget\" data-widget_type=\"heading.default\">\n\t\t\t\t<div class=\"elementor-widget-container\">\n\t\t\t\t\t<h2 class=\"elementor-heading-title elementor-size-default\"><i class=\"fa-solid fa-images\"><\/i><\/h2>\t\t\t\t<\/div>\n\t\t\t\t<\/div>\n\t\t\t\t<div class=\"elementor-element elementor-element-79bd12f elementor-widget__width-inherit elementor-widget-mobile__width-auto elementor-widget elementor-widget-heading\" data-id=\"79bd12f\" data-element_type=\"widget\" data-e-type=\"widget\" data-widget_type=\"heading.default\">\n\t\t\t\t<div class=\"elementor-widget-container\">\n\t\t\t\t\t<div class=\"elementor-heading-title elementor-size-default\">Gal\u00e9ria<\/div>\t\t\t\t<\/div>\n\t\t\t\t<\/div>\n\t\t\t\t<\/a>\n\t\t\t\t<div class=\"elementor-element elementor-element-d71b929 elementor-widget-divider--view-line elementor-widget elementor-widget-divider\" data-id=\"d71b929\" data-element_type=\"widget\" data-e-type=\"widget\" data-widget_type=\"divider.default\">\n\t\t\t\t<div class=\"elementor-widget-container\">\n\t\t\t\t\t\t\t<div class=\"elementor-divider\">\n\t\t\t<span class=\"elementor-divider-separator\">\n\t\t\t\t\t\t<\/span>\n\t\t<\/div>\n\t\t\t\t\t\t<\/div>\n\t\t\t\t<\/div>\n\t\t<a class=\"elementor-element elementor-element-dc9d209 e-con-full e-flex e-con e-child\" data-id=\"dc9d209\" data-element_type=\"container\" data-e-type=\"container\">\n\t\t\t\t<div class=\"elementor-element elementor-element-72aee92 elementor-widget elementor-widget-heading\" data-id=\"72aee92\" data-element_type=\"widget\" data-e-type=\"widget\" data-widget_type=\"heading.default\">\n\t\t\t\t<div class=\"elementor-widget-container\">\n\t\t\t\t\t<h2 class=\"elementor-heading-title elementor-size-default\"><i class=\"fa-solid fa-ruler\"><\/i><\/h2>\t\t\t\t<\/div>\n\t\t\t\t<\/div>\n\t\t\t\t<div class=\"elementor-element elementor-element-e943a88 elementor-widget__width-inherit elementor-widget-mobile__width-auto elementor-widget elementor-widget-heading\" data-id=\"e943a88\" data-element_type=\"widget\" data-e-type=\"widget\" data-widget_type=\"heading.default\">\n\t\t\t\t<div class=\"elementor-widget-container\">\n\t\t\t\t\t<div class=\"elementor-heading-title elementor-size-default\">M\u00e9retileg testreszabhat\u00f3 <\/div>\t\t\t\t<\/div>\n\t\t\t\t<\/div>\n\t\t\t\t<\/a>\n\t\t\t\t<div class=\"elementor-element elementor-element-8a5dcb9 elementor-widget-divider--view-line elementor-widget elementor-widget-divider\" data-id=\"8a5dcb9\" data-element_type=\"widget\" data-e-type=\"widget\" data-widget_type=\"divider.default\">\n\t\t\t\t<div class=\"elementor-widget-container\">\n\t\t\t\t\t\t\t<div class=\"elementor-divider\">\n\t\t\t<span class=\"elementor-divider-separator\">\n\t\t\t\t\t\t<\/span>\n\t\t<\/div>\n\t\t\t\t\t\t<\/div>\n\t\t\t\t<\/div>\n\t\t<a class=\"elementor-element elementor-element-db88cb1 e-con-full e-flex e-con e-child\" data-id=\"db88cb1\" data-element_type=\"container\" data-e-type=\"container\">\n\t\t\t\t<div class=\"elementor-element elementor-element-86f164d elementor-widget elementor-widget-heading\" data-id=\"86f164d\" data-element_type=\"widget\" data-e-type=\"widget\" data-widget_type=\"heading.default\">\n\t\t\t\t<div class=\"elementor-widget-container\">\n\t\t\t\t\t<h2 class=\"elementor-heading-title elementor-size-default\"><i class=\"fa-regular fa-file-pdf\"><\/i><\/h2>\t\t\t\t<\/div>\n\t\t\t\t<\/div>\n\t\t\t\t<div class=\"elementor-element elementor-element-fc703d4 elementor-widget__width-inherit elementor-widget-mobile__width-auto elementor-widget elementor-widget-heading\" data-id=\"fc703d4\" data-element_type=\"widget\" data-e-type=\"widget\" data-widget_type=\"heading.default\">\n\t\t\t\t<div class=\"elementor-widget-container\">\n\t\t\t\t\t<div class=\"elementor-heading-title elementor-size-default\">M\u00e9rett\u00e1bl\u00e1zat let\u00f6lt\u00e9se<\/div>\t\t\t\t<\/div>\n\t\t\t\t<\/div>\n\t\t\t\t<\/a>\n\t\t\t\t<div class=\"elementor-element elementor-element-8a6aa56 elementor-widget-divider--view-line elementor-widget elementor-widget-divider\" data-id=\"8a6aa56\" data-element_type=\"widget\" data-e-type=\"widget\" data-widget_type=\"divider.default\">\n\t\t\t\t<div class=\"elementor-widget-container\">\n\t\t\t\t\t\t\t<div class=\"elementor-divider\">\n\t\t\t<span class=\"elementor-divider-separator\">\n\t\t\t\t\t\t<\/span>\n\t\t<\/div>\n\t\t\t\t\t\t<\/div>\n\t\t\t\t<\/div>\n\t\t<a class=\"elementor-element elementor-element-ddf7432 e-con-full e-flex e-con e-child\" data-id=\"ddf7432\" data-element_type=\"container\" data-e-type=\"container\" href=\"https:\/\/www.sedackyajnamieru.sk\/hu\/doprava\/\">\n\t\t\t\t<div class=\"elementor-element elementor-element-d71795c elementor-widget elementor-widget-heading\" data-id=\"d71795c\" data-element_type=\"widget\" data-e-type=\"widget\" data-widget_type=\"heading.default\">\n\t\t\t\t<div class=\"elementor-widget-container\">\n\t\t\t\t\t<h2 class=\"elementor-heading-title elementor-size-default\"><i class=\"fa-solid fa-truck-fast\"><\/i><\/h2>\t\t\t\t<\/div>\n\t\t\t\t<\/div>\n\t\t\t\t<div class=\"elementor-element elementor-element-44abda9 elementor-widget__width-inherit elementor-widget-mobile__width-auto elementor-widget elementor-widget-heading\" data-id=\"44abda9\" data-element_type=\"widget\" data-e-type=\"widget\" data-widget_type=\"heading.default\">\n\t\t\t\t<div class=\"elementor-widget-container\">\n\t\t\t\t\t<div class=\"elementor-heading-title elementor-size-default\">50 km-ig ingyenes sz\u00e1ll\u00edt\u00e1s<\/div>\t\t\t\t<\/div>\n\t\t\t\t<\/div>\n\t\t\t\t<\/a>\n\t\t\t\t<div class=\"elementor-element elementor-element-2863745 elementor-widget-divider--view-line elementor-widget elementor-widget-divider\" data-id=\"2863745\" data-element_type=\"widget\" data-e-type=\"widget\" data-widget_type=\"divider.default\">\n\t\t\t\t<div class=\"elementor-widget-container\">\n\t\t\t\t\t\t\t<div class=\"elementor-divider\">\n\t\t\t<span class=\"elementor-divider-separator\">\n\t\t\t\t\t\t<\/span>\n\t\t<\/div>\n\t\t\t\t\t\t<\/div>\n\t\t\t\t<\/div>\n\t\t<a class=\"elementor-element elementor-element-5fe43fd e-con-full e-flex e-con e-child\" data-id=\"5fe43fd\" data-element_type=\"container\" data-e-type=\"container\" href=\"https:\/\/www.sedackyajnamieru.sk\/hu\/ako-objednat-sedacku\/\">\n\t\t\t\t<div class=\"elementor-element elementor-element-efba988 elementor-widget elementor-widget-heading\" data-id=\"efba988\" data-element_type=\"widget\" data-e-type=\"widget\" data-widget_type=\"heading.default\">\n\t\t\t\t<div class=\"elementor-widget-container\">\n\t\t\t\t\t<h2 class=\"elementor-heading-title elementor-size-default\"><i class=\"fa-solid fa-cart-shopping\"><\/i><\/h2>\t\t\t\t<\/div>\n\t\t\t\t<\/div>\n\t\t\t\t<div class=\"elementor-element elementor-element-0535336 elementor-widget__width-inherit elementor-widget-mobile__width-auto elementor-widget elementor-widget-heading\" data-id=\"0535336\" data-element_type=\"widget\" data-e-type=\"widget\" data-widget_type=\"heading.default\">\n\t\t\t\t<div class=\"elementor-widget-container\">\n\t\t\t\t\t<div class=\"elementor-heading-title elementor-size-default\">Hogyan v\u00e1s\u00e1roljunk<\/div>\t\t\t\t<\/div>\n\t\t\t\t<\/div>\n\t\t\t\t<\/a>\n\t\t\t\t<\/div>\n\t\t\t\t<\/div>\n\t\t<div class=\"elementor-element elementor-element-403c351 e-flex e-con-boxed e-con e-parent\" data-id=\"403c351\" data-element_type=\"container\" data-e-type=\"container\" id=\"galeria\">\n\t\t\t\t\t<div class=\"e-con-inner\">\n\t\t\t\t<div class=\"elementor-element elementor-element-93dc00a elementor-widget elementor-widget-heading\" data-id=\"93dc00a\" data-element_type=\"widget\" data-e-type=\"widget\" data-widget_type=\"heading.default\">\n\t\t\t\t<div class=\"elementor-widget-container\">\n\t\t\t\t\t<h3 class=\"elementor-heading-title elementor-size-default\">Gal\u00e9ria<\/h3>\t\t\t\t<\/div>\n\t\t\t\t<\/div>\n\t\t\t\t<div class=\"elementor-element elementor-element-19c1f10 gallery-spacing-custom elementor-widget__width-inherit elementor-widget elementor-widget-image-gallery\" data-id=\"19c1f10\" data-element_type=\"widget\" data-e-type=\"widget\" data-widget_type=\"image-gallery.default\">\n\t\t\t\t<div class=\"elementor-widget-container\">\n\t\t\t\t\t\t\t<div class=\"elementor-image-gallery\">\n\t\t\t<div id='gallery-1' class='gallery galleryid-2034 gallery-columns-3 gallery-size-full'><figure class='gallery-item'>\n\t\t\t<div class='gallery-icon landscape'>\n\t\t\t\t<a data-elementor-open-lightbox=\"yes\" data-elementor-lightbox-slideshow=\"19c1f10\" data-elementor-lightbox-title=\"eduard_ai_04\" data-e-action-hash=\"#elementor-action%3Aaction%3Dlightbox%26settings%3DeyJpZCI6NDM5MCwidXJsIjoiaHR0cHM6XC9cL3d3dy5zZWRhY2t5YWpuYW1pZXJ1LnNrXC93cC1jb250ZW50XC91cGxvYWRzXC8yMDI2XC8wMVwvZWR1YXJkX2FpXzA0LWUxNzY3NzM4MTMyODA5LnBuZyIsInNsaWRlc2hvdyI6IjE5YzFmMTAifQ%3D%3D\" href='https:\/\/www.sedackyajnamieru.sk\/wp-content\/uploads\/2026\/01\/eduard_ai_04-e1767738132809.png'><img fetchpriority=\"high\" decoding=\"async\" width=\"1536\" height=\"865\" src=\"https:\/\/www.sedackyajnamieru.sk\/wp-content\/uploads\/2026\/01\/eduard_ai_04-e1767738132809.png\" class=\"attachment-full size-full\" alt=\"\" srcset=\"https:\/\/www.sedackyajnamieru.sk\/wp-content\/uploads\/2026\/01\/eduard_ai_04-e1767738132809.png 1536w, https:\/\/www.sedackyajnamieru.sk\/wp-content\/uploads\/2026\/01\/eduard_ai_04-e1767738132809-300x169.png 300w, https:\/\/www.sedackyajnamieru.sk\/wp-content\/uploads\/2026\/01\/eduard_ai_04-e1767738132809-1024x577.png 1024w, https:\/\/www.sedackyajnamieru.sk\/wp-content\/uploads\/2026\/01\/eduard_ai_04-e1767738132809-768x433.png 768w, https:\/\/www.sedackyajnamieru.sk\/wp-content\/uploads\/2026\/01\/eduard_ai_04-e1767738132809-18x10.png 18w\" sizes=\"(max-width: 1536px) 100vw, 1536px\" \/><\/a>\n\t\t\t<\/div><\/figure><figure class='gallery-item'>\n\t\t\t<div class='gallery-icon landscape'>\n\t\t\t\t<a data-elementor-open-lightbox=\"yes\" data-elementor-lightbox-slideshow=\"19c1f10\" data-elementor-lightbox-title=\"eduard_ai_03\" data-e-action-hash=\"#elementor-action%3Aaction%3Dlightbox%26settings%3DeyJpZCI6Mzk1NCwidXJsIjoiaHR0cHM6XC9cL3d3dy5zZWRhY2t5YWpuYW1pZXJ1LnNrXC93cC1jb250ZW50XC91cGxvYWRzXC8yMDI1XC8xMFwvZWR1YXJkX2FpXzAzLWUxNzY3NzM4MzIxNDgzLnBuZyIsInNsaWRlc2hvdyI6IjE5YzFmMTAifQ%3D%3D\" href='https:\/\/www.sedackyajnamieru.sk\/wp-content\/uploads\/2025\/10\/eduard_ai_03-e1767738321483.png'><img decoding=\"async\" width=\"1536\" height=\"865\" src=\"https:\/\/www.sedackyajnamieru.sk\/wp-content\/uploads\/2025\/10\/eduard_ai_03-e1767738321483.png\" class=\"attachment-full size-full\" alt=\"\" srcset=\"https:\/\/www.sedackyajnamieru.sk\/wp-content\/uploads\/2025\/10\/eduard_ai_03-e1767738321483.png 1536w, https:\/\/www.sedackyajnamieru.sk\/wp-content\/uploads\/2025\/10\/eduard_ai_03-e1767738321483-300x169.png 300w, https:\/\/www.sedackyajnamieru.sk\/wp-content\/uploads\/2025\/10\/eduard_ai_03-e1767738321483-1024x577.png 1024w, https:\/\/www.sedackyajnamieru.sk\/wp-content\/uploads\/2025\/10\/eduard_ai_03-e1767738321483-768x433.png 768w, https:\/\/www.sedackyajnamieru.sk\/wp-content\/uploads\/2025\/10\/eduard_ai_03-e1767738321483-18x10.png 18w\" sizes=\"(max-width: 1536px) 100vw, 1536px\" \/><\/a>\n\t\t\t<\/div><\/figure><figure class='gallery-item'>\n\t\t\t<div class='gallery-icon landscape'>\n\t\t\t\t<a data-elementor-open-lightbox=\"yes\" data-elementor-lightbox-slideshow=\"19c1f10\" data-elementor-lightbox-title=\"eduard_ai_02\" data-e-action-hash=\"#elementor-action%3Aaction%3Dlightbox%26settings%3DeyJpZCI6Mzk1MywidXJsIjoiaHR0cHM6XC9cL3d3dy5zZWRhY2t5YWpuYW1pZXJ1LnNrXC93cC1jb250ZW50XC91cGxvYWRzXC8yMDI1XC8xMFwvZWR1YXJkX2FpXzAyLWUxNzY3NzM4MjQxMjMyLnBuZyIsInNsaWRlc2hvdyI6IjE5YzFmMTAifQ%3D%3D\" href='https:\/\/www.sedackyajnamieru.sk\/wp-content\/uploads\/2025\/10\/eduard_ai_02-e1767738241232.png'><img decoding=\"async\" width=\"1536\" height=\"865\" src=\"https:\/\/www.sedackyajnamieru.sk\/wp-content\/uploads\/2025\/10\/eduard_ai_02-e1767738241232.png\" class=\"attachment-full size-full\" alt=\"\" srcset=\"https:\/\/www.sedackyajnamieru.sk\/wp-content\/uploads\/2025\/10\/eduard_ai_02-e1767738241232.png 1536w, https:\/\/www.sedackyajnamieru.sk\/wp-content\/uploads\/2025\/10\/eduard_ai_02-e1767738241232-300x169.png 300w, https:\/\/www.sedackyajnamieru.sk\/wp-content\/uploads\/2025\/10\/eduard_ai_02-e1767738241232-1024x577.png 1024w, https:\/\/www.sedackyajnamieru.sk\/wp-content\/uploads\/2025\/10\/eduard_ai_02-e1767738241232-768x433.png 768w, https:\/\/www.sedackyajnamieru.sk\/wp-content\/uploads\/2025\/10\/eduard_ai_02-e1767738241232-18x10.png 18w\" sizes=\"(max-width: 1536px) 100vw, 1536px\" \/><\/a>\n\t\t\t<\/div><\/figure><figure class='gallery-item'>\n\t\t\t<div class='gallery-icon landscape'>\n\t\t\t\t<a data-elementor-open-lightbox=\"yes\" data-elementor-lightbox-slideshow=\"19c1f10\" data-elementor-lightbox-title=\"eduard_il_01\" data-e-action-hash=\"#elementor-action%3Aaction%3Dlightbox%26settings%3DeyJpZCI6Mzk1NSwidXJsIjoiaHR0cHM6XC9cL3d3dy5zZWRhY2t5YWpuYW1pZXJ1LnNrXC93cC1jb250ZW50XC91cGxvYWRzXC8yMDI1XC8xMFwvZWR1YXJkX2lsXzAxLWUxNzY3NzM4MjkwNDA2LnBuZyIsInNsaWRlc2hvdyI6IjE5YzFmMTAifQ%3D%3D\" href='https:\/\/www.sedackyajnamieru.sk\/wp-content\/uploads\/2025\/10\/eduard_il_01-e1767738290406.png'><img loading=\"lazy\" decoding=\"async\" width=\"1536\" height=\"865\" src=\"https:\/\/www.sedackyajnamieru.sk\/wp-content\/uploads\/2025\/10\/eduard_il_01-e1767738290406.png\" class=\"attachment-full size-full\" alt=\"\" srcset=\"https:\/\/www.sedackyajnamieru.sk\/wp-content\/uploads\/2025\/10\/eduard_il_01-e1767738290406.png 1536w, https:\/\/www.sedackyajnamieru.sk\/wp-content\/uploads\/2025\/10\/eduard_il_01-e1767738290406-300x169.png 300w, https:\/\/www.sedackyajnamieru.sk\/wp-content\/uploads\/2025\/10\/eduard_il_01-e1767738290406-1024x577.png 1024w, https:\/\/www.sedackyajnamieru.sk\/wp-content\/uploads\/2025\/10\/eduard_il_01-e1767738290406-768x433.png 768w, https:\/\/www.sedackyajnamieru.sk\/wp-content\/uploads\/2025\/10\/eduard_il_01-e1767738290406-18x10.png 18w\" sizes=\"(max-width: 1536px) 100vw, 1536px\" \/><\/a>\n\t\t\t<\/div><\/figure><figure class='gallery-item'>\n\t\t\t<div class='gallery-icon landscape'>\n\t\t\t\t<a data-elementor-open-lightbox=\"yes\" data-elementor-lightbox-slideshow=\"19c1f10\" data-elementor-lightbox-title=\"eduard_01\" data-e-action-hash=\"#elementor-action%3Aaction%3Dlightbox%26settings%3DeyJpZCI6MTMwMCwidXJsIjoiaHR0cHM6XC9cL3d3dy5zZWRhY2t5YWpuYW1pZXJ1LnNrXC93cC1jb250ZW50XC91cGxvYWRzXC8yMDI1XC8wNlwvZWR1YXJkXzAxLnBuZyIsInNsaWRlc2hvdyI6IjE5YzFmMTAifQ%3D%3D\" href='https:\/\/www.sedackyajnamieru.sk\/wp-content\/uploads\/2025\/06\/eduard_01.png'><img loading=\"lazy\" decoding=\"async\" width=\"1230\" height=\"692\" src=\"https:\/\/www.sedackyajnamieru.sk\/wp-content\/uploads\/2025\/06\/eduard_01.png\" class=\"attachment-full size-full\" alt=\"\" srcset=\"https:\/\/www.sedackyajnamieru.sk\/wp-content\/uploads\/2025\/06\/eduard_01.png 1230w, https:\/\/www.sedackyajnamieru.sk\/wp-content\/uploads\/2025\/06\/eduard_01-300x169.png 300w, https:\/\/www.sedackyajnamieru.sk\/wp-content\/uploads\/2025\/06\/eduard_01-1024x576.png 1024w, https:\/\/www.sedackyajnamieru.sk\/wp-content\/uploads\/2025\/06\/eduard_01-768x432.png 768w\" sizes=\"(max-width: 1230px) 100vw, 1230px\" \/><\/a>\n\t\t\t<\/div><\/figure><figure class='gallery-item'>\n\t\t\t<div class='gallery-icon landscape'>\n\t\t\t\t<a data-elementor-open-lightbox=\"yes\" data-elementor-lightbox-slideshow=\"19c1f10\" data-elementor-lightbox-title=\"eduard_02\" data-e-action-hash=\"#elementor-action%3Aaction%3Dlightbox%26settings%3DeyJpZCI6MTMwMSwidXJsIjoiaHR0cHM6XC9cL3d3dy5zZWRhY2t5YWpuYW1pZXJ1LnNrXC93cC1jb250ZW50XC91cGxvYWRzXC8yMDI1XC8wNlwvZWR1YXJkXzAyLnBuZyIsInNsaWRlc2hvdyI6IjE5YzFmMTAifQ%3D%3D\" href='https:\/\/www.sedackyajnamieru.sk\/wp-content\/uploads\/2025\/06\/eduard_02.png'><img loading=\"lazy\" decoding=\"async\" width=\"1230\" height=\"692\" src=\"https:\/\/www.sedackyajnamieru.sk\/wp-content\/uploads\/2025\/06\/eduard_02.png\" class=\"attachment-full size-full\" alt=\"\" srcset=\"https:\/\/www.sedackyajnamieru.sk\/wp-content\/uploads\/2025\/06\/eduard_02.png 1230w, https:\/\/www.sedackyajnamieru.sk\/wp-content\/uploads\/2025\/06\/eduard_02-300x169.png 300w, https:\/\/www.sedackyajnamieru.sk\/wp-content\/uploads\/2025\/06\/eduard_02-1024x576.png 1024w, https:\/\/www.sedackyajnamieru.sk\/wp-content\/uploads\/2025\/06\/eduard_02-768x432.png 768w\" sizes=\"(max-width: 1230px) 100vw, 1230px\" \/><\/a>\n\t\t\t<\/div><\/figure><figure class='gallery-item'>\n\t\t\t<div class='gallery-icon landscape'>\n\t\t\t\t<a data-elementor-open-lightbox=\"yes\" data-elementor-lightbox-slideshow=\"19c1f10\" data-elementor-lightbox-title=\"eduard_05\" data-e-action-hash=\"#elementor-action%3Aaction%3Dlightbox%26settings%3DeyJpZCI6MTMwMiwidXJsIjoiaHR0cHM6XC9cL3d3dy5zZWRhY2t5YWpuYW1pZXJ1LnNrXC93cC1jb250ZW50XC91cGxvYWRzXC8yMDI1XC8wNlwvZWR1YXJkXzA1LnBuZyIsInNsaWRlc2hvdyI6IjE5YzFmMTAifQ%3D%3D\" href='https:\/\/www.sedackyajnamieru.sk\/wp-content\/uploads\/2025\/06\/eduard_05.png'><img loading=\"lazy\" decoding=\"async\" width=\"1230\" height=\"692\" src=\"https:\/\/www.sedackyajnamieru.sk\/wp-content\/uploads\/2025\/06\/eduard_05.png\" class=\"attachment-full size-full\" alt=\"\" srcset=\"https:\/\/www.sedackyajnamieru.sk\/wp-content\/uploads\/2025\/06\/eduard_05.png 1230w, https:\/\/www.sedackyajnamieru.sk\/wp-content\/uploads\/2025\/06\/eduard_05-300x169.png 300w, https:\/\/www.sedackyajnamieru.sk\/wp-content\/uploads\/2025\/06\/eduard_05-1024x576.png 1024w, https:\/\/www.sedackyajnamieru.sk\/wp-content\/uploads\/2025\/06\/eduard_05-768x432.png 768w\" sizes=\"(max-width: 1230px) 100vw, 1230px\" \/><\/a>\n\t\t\t<\/div><\/figure><figure class='gallery-item'>\n\t\t\t<div class='gallery-icon landscape'>\n\t\t\t\t<a data-elementor-open-lightbox=\"yes\" data-elementor-lightbox-slideshow=\"19c1f10\" data-elementor-lightbox-title=\"eduard_06\" data-e-action-hash=\"#elementor-action%3Aaction%3Dlightbox%26settings%3DeyJpZCI6MTMwMywidXJsIjoiaHR0cHM6XC9cL3d3dy5zZWRhY2t5YWpuYW1pZXJ1LnNrXC93cC1jb250ZW50XC91cGxvYWRzXC8yMDI1XC8wNlwvZWR1YXJkXzA2LnBuZyIsInNsaWRlc2hvdyI6IjE5YzFmMTAifQ%3D%3D\" href='https:\/\/www.sedackyajnamieru.sk\/wp-content\/uploads\/2025\/06\/eduard_06.png'><img loading=\"lazy\" decoding=\"async\" width=\"1230\" height=\"692\" src=\"https:\/\/www.sedackyajnamieru.sk\/wp-content\/uploads\/2025\/06\/eduard_06.png\" class=\"attachment-full size-full\" alt=\"\" srcset=\"https:\/\/www.sedackyajnamieru.sk\/wp-content\/uploads\/2025\/06\/eduard_06.png 1230w, https:\/\/www.sedackyajnamieru.sk\/wp-content\/uploads\/2025\/06\/eduard_06-300x169.png 300w, https:\/\/www.sedackyajnamieru.sk\/wp-content\/uploads\/2025\/06\/eduard_06-1024x576.png 1024w, https:\/\/www.sedackyajnamieru.sk\/wp-content\/uploads\/2025\/06\/eduard_06-768x432.png 768w\" sizes=\"(max-width: 1230px) 100vw, 1230px\" \/><\/a>\n\t\t\t<\/div><\/figure><figure class='gallery-item'>\n\t\t\t<div class='gallery-icon landscape'>\n\t\t\t\t<a data-elementor-open-lightbox=\"yes\" data-elementor-lightbox-slideshow=\"19c1f10\" data-elementor-lightbox-title=\"eduard_07\" data-e-action-hash=\"#elementor-action%3Aaction%3Dlightbox%26settings%3DeyJpZCI6MTMwNCwidXJsIjoiaHR0cHM6XC9cL3d3dy5zZWRhY2t5YWpuYW1pZXJ1LnNrXC93cC1jb250ZW50XC91cGxvYWRzXC8yMDI1XC8wNlwvZWR1YXJkXzA3LnBuZyIsInNsaWRlc2hvdyI6IjE5YzFmMTAifQ%3D%3D\" href='https:\/\/www.sedackyajnamieru.sk\/wp-content\/uploads\/2025\/06\/eduard_07.png'><img loading=\"lazy\" decoding=\"async\" width=\"1230\" height=\"692\" src=\"https:\/\/www.sedackyajnamieru.sk\/wp-content\/uploads\/2025\/06\/eduard_07.png\" class=\"attachment-full size-full\" alt=\"\" srcset=\"https:\/\/www.sedackyajnamieru.sk\/wp-content\/uploads\/2025\/06\/eduard_07.png 1230w, https:\/\/www.sedackyajnamieru.sk\/wp-content\/uploads\/2025\/06\/eduard_07-300x169.png 300w, https:\/\/www.sedackyajnamieru.sk\/wp-content\/uploads\/2025\/06\/eduard_07-1024x576.png 1024w, https:\/\/www.sedackyajnamieru.sk\/wp-content\/uploads\/2025\/06\/eduard_07-768x432.png 768w\" sizes=\"(max-width: 1230px) 100vw, 1230px\" \/><\/a>\n\t\t\t<\/div><\/figure><figure class='gallery-item'>\n\t\t\t<div class='gallery-icon landscape'>\n\t\t\t\t<a data-elementor-open-lightbox=\"yes\" data-elementor-lightbox-slideshow=\"19c1f10\" data-elementor-lightbox-title=\"eduard_10\" data-e-action-hash=\"#elementor-action%3Aaction%3Dlightbox%26settings%3DeyJpZCI6MTMwNywidXJsIjoiaHR0cHM6XC9cL3d3dy5zZWRhY2t5YWpuYW1pZXJ1LnNrXC93cC1jb250ZW50XC91cGxvYWRzXC8yMDI1XC8wNlwvZWR1YXJkXzEwLnBuZyIsInNsaWRlc2hvdyI6IjE5YzFmMTAifQ%3D%3D\" href='https:\/\/www.sedackyajnamieru.sk\/wp-content\/uploads\/2025\/06\/eduard_10.png'><img loading=\"lazy\" decoding=\"async\" width=\"1230\" height=\"692\" src=\"https:\/\/www.sedackyajnamieru.sk\/wp-content\/uploads\/2025\/06\/eduard_10.png\" class=\"attachment-full size-full\" alt=\"\" srcset=\"https:\/\/www.sedackyajnamieru.sk\/wp-content\/uploads\/2025\/06\/eduard_10.png 1230w, https:\/\/www.sedackyajnamieru.sk\/wp-content\/uploads\/2025\/06\/eduard_10-300x169.png 300w, https:\/\/www.sedackyajnamieru.sk\/wp-content\/uploads\/2025\/06\/eduard_10-1024x576.png 1024w, https:\/\/www.sedackyajnamieru.sk\/wp-content\/uploads\/2025\/06\/eduard_10-768x432.png 768w\" sizes=\"(max-width: 1230px) 100vw, 1230px\" \/><\/a>\n\t\t\t<\/div><\/figure><figure class='gallery-item'>\n\t\t\t<div class='gallery-icon landscape'>\n\t\t\t\t<a data-elementor-open-lightbox=\"yes\" data-elementor-lightbox-slideshow=\"19c1f10\" data-elementor-lightbox-title=\"eduard_11\" data-e-action-hash=\"#elementor-action%3Aaction%3Dlightbox%26settings%3DeyJpZCI6MTMwOCwidXJsIjoiaHR0cHM6XC9cL3d3dy5zZWRhY2t5YWpuYW1pZXJ1LnNrXC93cC1jb250ZW50XC91cGxvYWRzXC8yMDI1XC8wNlwvZWR1YXJkXzExLnBuZyIsInNsaWRlc2hvdyI6IjE5YzFmMTAifQ%3D%3D\" href='https:\/\/www.sedackyajnamieru.sk\/wp-content\/uploads\/2025\/06\/eduard_11.png'><img loading=\"lazy\" decoding=\"async\" width=\"1230\" height=\"692\" src=\"https:\/\/www.sedackyajnamieru.sk\/wp-content\/uploads\/2025\/06\/eduard_11.png\" class=\"attachment-full size-full\" alt=\"\" srcset=\"https:\/\/www.sedackyajnamieru.sk\/wp-content\/uploads\/2025\/06\/eduard_11.png 1230w, https:\/\/www.sedackyajnamieru.sk\/wp-content\/uploads\/2025\/06\/eduard_11-300x169.png 300w, https:\/\/www.sedackyajnamieru.sk\/wp-content\/uploads\/2025\/06\/eduard_11-1024x576.png 1024w, https:\/\/www.sedackyajnamieru.sk\/wp-content\/uploads\/2025\/06\/eduard_11-768x432.png 768w\" sizes=\"(max-width: 1230px) 100vw, 1230px\" \/><\/a>\n\t\t\t<\/div><\/figure><figure class='gallery-item'>\n\t\t\t<div class='gallery-icon landscape'>\n\t\t\t\t<a data-elementor-open-lightbox=\"yes\" data-elementor-lightbox-slideshow=\"19c1f10\" data-elementor-lightbox-title=\"eduard_12\" data-e-action-hash=\"#elementor-action%3Aaction%3Dlightbox%26settings%3DeyJpZCI6MTMwOSwidXJsIjoiaHR0cHM6XC9cL3d3dy5zZWRhY2t5YWpuYW1pZXJ1LnNrXC93cC1jb250ZW50XC91cGxvYWRzXC8yMDI1XC8wNlwvZWR1YXJkXzEyLnBuZyIsInNsaWRlc2hvdyI6IjE5YzFmMTAifQ%3D%3D\" href='https:\/\/www.sedackyajnamieru.sk\/wp-content\/uploads\/2025\/06\/eduard_12.png'><img loading=\"lazy\" decoding=\"async\" width=\"1230\" height=\"692\" src=\"https:\/\/www.sedackyajnamieru.sk\/wp-content\/uploads\/2025\/06\/eduard_12.png\" class=\"attachment-full size-full\" alt=\"\" srcset=\"https:\/\/www.sedackyajnamieru.sk\/wp-content\/uploads\/2025\/06\/eduard_12.png 1230w, https:\/\/www.sedackyajnamieru.sk\/wp-content\/uploads\/2025\/06\/eduard_12-300x169.png 300w, https:\/\/www.sedackyajnamieru.sk\/wp-content\/uploads\/2025\/06\/eduard_12-1024x576.png 1024w, https:\/\/www.sedackyajnamieru.sk\/wp-content\/uploads\/2025\/06\/eduard_12-768x432.png 768w\" sizes=\"(max-width: 1230px) 100vw, 1230px\" \/><\/a>\n\t\t\t<\/div><\/figure><figure class='gallery-item'>\n\t\t\t<div class='gallery-icon landscape'>\n\t\t\t\t<a data-elementor-open-lightbox=\"yes\" data-elementor-lightbox-slideshow=\"19c1f10\" data-elementor-lightbox-title=\"eduard_14\" data-e-action-hash=\"#elementor-action%3Aaction%3Dlightbox%26settings%3DeyJpZCI6MTMxMSwidXJsIjoiaHR0cHM6XC9cL3d3dy5zZWRhY2t5YWpuYW1pZXJ1LnNrXC93cC1jb250ZW50XC91cGxvYWRzXC8yMDI1XC8wNlwvZWR1YXJkXzE0LnBuZyIsInNsaWRlc2hvdyI6IjE5YzFmMTAifQ%3D%3D\" href='https:\/\/www.sedackyajnamieru.sk\/wp-content\/uploads\/2025\/06\/eduard_14.png'><img loading=\"lazy\" decoding=\"async\" width=\"1230\" height=\"692\" src=\"https:\/\/www.sedackyajnamieru.sk\/wp-content\/uploads\/2025\/06\/eduard_14.png\" class=\"attachment-full size-full\" alt=\"\" srcset=\"https:\/\/www.sedackyajnamieru.sk\/wp-content\/uploads\/2025\/06\/eduard_14.png 1230w, https:\/\/www.sedackyajnamieru.sk\/wp-content\/uploads\/2025\/06\/eduard_14-300x169.png 300w, https:\/\/www.sedackyajnamieru.sk\/wp-content\/uploads\/2025\/06\/eduard_14-1024x576.png 1024w, https:\/\/www.sedackyajnamieru.sk\/wp-content\/uploads\/2025\/06\/eduard_14-768x432.png 768w\" sizes=\"(max-width: 1230px) 100vw, 1230px\" \/><\/a>\n\t\t\t<\/div><\/figure><figure class='gallery-item'>\n\t\t\t<div class='gallery-icon landscape'>\n\t\t\t\t<a data-elementor-open-lightbox=\"yes\" data-elementor-lightbox-slideshow=\"19c1f10\" data-elementor-lightbox-title=\"eduard_15\" data-e-action-hash=\"#elementor-action%3Aaction%3Dlightbox%26settings%3DeyJpZCI6MTMxMiwidXJsIjoiaHR0cHM6XC9cL3d3dy5zZWRhY2t5YWpuYW1pZXJ1LnNrXC93cC1jb250ZW50XC91cGxvYWRzXC8yMDI1XC8wNlwvZWR1YXJkXzE1LnBuZyIsInNsaWRlc2hvdyI6IjE5YzFmMTAifQ%3D%3D\" href='https:\/\/www.sedackyajnamieru.sk\/wp-content\/uploads\/2025\/06\/eduard_15.png'><img loading=\"lazy\" decoding=\"async\" width=\"1230\" height=\"692\" src=\"https:\/\/www.sedackyajnamieru.sk\/wp-content\/uploads\/2025\/06\/eduard_15.png\" class=\"attachment-full size-full\" alt=\"\" srcset=\"https:\/\/www.sedackyajnamieru.sk\/wp-content\/uploads\/2025\/06\/eduard_15.png 1230w, https:\/\/www.sedackyajnamieru.sk\/wp-content\/uploads\/2025\/06\/eduard_15-300x169.png 300w, https:\/\/www.sedackyajnamieru.sk\/wp-content\/uploads\/2025\/06\/eduard_15-1024x576.png 1024w, https:\/\/www.sedackyajnamieru.sk\/wp-content\/uploads\/2025\/06\/eduard_15-768x432.png 768w\" sizes=\"(max-width: 1230px) 100vw, 1230px\" \/><\/a>\n\t\t\t<\/div><\/figure><figure class='gallery-item'>\n\t\t\t<div class='gallery-icon landscape'>\n\t\t\t\t<a data-elementor-open-lightbox=\"yes\" data-elementor-lightbox-slideshow=\"19c1f10\" data-elementor-lightbox-title=\"eduard_16\" data-e-action-hash=\"#elementor-action%3Aaction%3Dlightbox%26settings%3DeyJpZCI6MTMxMywidXJsIjoiaHR0cHM6XC9cL3d3dy5zZWRhY2t5YWpuYW1pZXJ1LnNrXC93cC1jb250ZW50XC91cGxvYWRzXC8yMDI1XC8wNlwvZWR1YXJkXzE2LnBuZyIsInNsaWRlc2hvdyI6IjE5YzFmMTAifQ%3D%3D\" href='https:\/\/www.sedackyajnamieru.sk\/wp-content\/uploads\/2025\/06\/eduard_16.png'><img loading=\"lazy\" decoding=\"async\" width=\"1230\" height=\"692\" src=\"https:\/\/www.sedackyajnamieru.sk\/wp-content\/uploads\/2025\/06\/eduard_16.png\" class=\"attachment-full size-full\" alt=\"\" srcset=\"https:\/\/www.sedackyajnamieru.sk\/wp-content\/uploads\/2025\/06\/eduard_16.png 1230w, https:\/\/www.sedackyajnamieru.sk\/wp-content\/uploads\/2025\/06\/eduard_16-300x169.png 300w, https:\/\/www.sedackyajnamieru.sk\/wp-content\/uploads\/2025\/06\/eduard_16-1024x576.png 1024w, https:\/\/www.sedackyajnamieru.sk\/wp-content\/uploads\/2025\/06\/eduard_16-768x432.png 768w\" sizes=\"(max-width: 1230px) 100vw, 1230px\" \/><\/a>\n\t\t\t<\/div><\/figure><figure class='gallery-item'>\n\t\t\t<div class='gallery-icon landscape'>\n\t\t\t\t<a data-elementor-open-lightbox=\"yes\" data-elementor-lightbox-slideshow=\"19c1f10\" data-elementor-lightbox-title=\"eduard_18\" data-e-action-hash=\"#elementor-action%3Aaction%3Dlightbox%26settings%3DeyJpZCI6MTMxNCwidXJsIjoiaHR0cHM6XC9cL3d3dy5zZWRhY2t5YWpuYW1pZXJ1LnNrXC93cC1jb250ZW50XC91cGxvYWRzXC8yMDI1XC8wNlwvZWR1YXJkXzE4LnBuZyIsInNsaWRlc2hvdyI6IjE5YzFmMTAifQ%3D%3D\" href='https:\/\/www.sedackyajnamieru.sk\/wp-content\/uploads\/2025\/06\/eduard_18.png'><img loading=\"lazy\" decoding=\"async\" width=\"1230\" height=\"692\" src=\"https:\/\/www.sedackyajnamieru.sk\/wp-content\/uploads\/2025\/06\/eduard_18.png\" class=\"attachment-full size-full\" alt=\"\" srcset=\"https:\/\/www.sedackyajnamieru.sk\/wp-content\/uploads\/2025\/06\/eduard_18.png 1230w, https:\/\/www.sedackyajnamieru.sk\/wp-content\/uploads\/2025\/06\/eduard_18-300x169.png 300w, https:\/\/www.sedackyajnamieru.sk\/wp-content\/uploads\/2025\/06\/eduard_18-1024x576.png 1024w, https:\/\/www.sedackyajnamieru.sk\/wp-content\/uploads\/2025\/06\/eduard_18-768x432.png 768w\" sizes=\"(max-width: 1230px) 100vw, 1230px\" \/><\/a>\n\t\t\t<\/div><\/figure><figure class='gallery-item'>\n\t\t\t<div class='gallery-icon landscape'>\n\t\t\t\t<a data-elementor-open-lightbox=\"yes\" data-elementor-lightbox-slideshow=\"19c1f10\" data-elementor-lightbox-title=\"eduard_19\" data-e-action-hash=\"#elementor-action%3Aaction%3Dlightbox%26settings%3DeyJpZCI6MTMxNSwidXJsIjoiaHR0cHM6XC9cL3d3dy5zZWRhY2t5YWpuYW1pZXJ1LnNrXC93cC1jb250ZW50XC91cGxvYWRzXC8yMDI1XC8wNlwvZWR1YXJkXzE5LnBuZyIsInNsaWRlc2hvdyI6IjE5YzFmMTAifQ%3D%3D\" href='https:\/\/www.sedackyajnamieru.sk\/wp-content\/uploads\/2025\/06\/eduard_19.png'><img loading=\"lazy\" decoding=\"async\" width=\"1230\" height=\"692\" src=\"https:\/\/www.sedackyajnamieru.sk\/wp-content\/uploads\/2025\/06\/eduard_19.png\" class=\"attachment-full size-full\" alt=\"\" srcset=\"https:\/\/www.sedackyajnamieru.sk\/wp-content\/uploads\/2025\/06\/eduard_19.png 1230w, https:\/\/www.sedackyajnamieru.sk\/wp-content\/uploads\/2025\/06\/eduard_19-300x169.png 300w, https:\/\/www.sedackyajnamieru.sk\/wp-content\/uploads\/2025\/06\/eduard_19-1024x576.png 1024w, https:\/\/www.sedackyajnamieru.sk\/wp-content\/uploads\/2025\/06\/eduard_19-768x432.png 768w\" sizes=\"(max-width: 1230px) 100vw, 1230px\" \/><\/a>\n\t\t\t<\/div><\/figure><figure class='gallery-item'>\n\t\t\t<div class='gallery-icon landscape'>\n\t\t\t\t<a data-elementor-open-lightbox=\"yes\" data-elementor-lightbox-slideshow=\"19c1f10\" data-elementor-lightbox-title=\"Rohov\u00e1 seda\u010dka Eduard v zelenej farbe \u2013 modern\u00fd a pohodln\u00fd dizajn\" data-e-action-hash=\"#elementor-action%3Aaction%3Dlightbox%26settings%3DeyJpZCI6MTMxNiwidXJsIjoiaHR0cHM6XC9cL3d3dy5zZWRhY2t5YWpuYW1pZXJ1LnNrXC93cC1jb250ZW50XC91cGxvYWRzXC8yMDI1XC8wNlwvZWR1YXJkXzIwLnBuZyIsInNsaWRlc2hvdyI6IjE5YzFmMTAifQ%3D%3D\" data-elementor-lightbox-description=\"Modern\u00e1 rohov\u00e1 seda\u010dka Eduard v elegantnej zelenej farbe, doplnen\u00e1 o nastavite\u013en\u00e9 opierky hlavy a m\u00e4kk\u00e9 \u010dal\u00fanenie. Ide\u00e1lna vo\u013eba do priestrann\u00fdch ob\u00fdva\u010diek, kde vynikne jej komfort, praktickos\u0165 a \u010dist\u00e9 l\u00ednie. Na sedackyajnamieru.sk si ju m\u00f4\u017eete vyrobi\u0165 na mieru presne pod\u013ea v\u00e1\u0161ho interi\u00e9ru.\" href='https:\/\/www.sedackyajnamieru.sk\/wp-content\/uploads\/2025\/06\/eduard_20.png'><img loading=\"lazy\" decoding=\"async\" width=\"1230\" height=\"692\" src=\"https:\/\/www.sedackyajnamieru.sk\/wp-content\/uploads\/2025\/06\/eduard_20.png\" class=\"attachment-full size-full\" alt=\"Zelen\u00e1 rohov\u00e1 seda\u010dka Eduard s nastavite\u013en\u00fdmi opierkami hlavy\" srcset=\"https:\/\/www.sedackyajnamieru.sk\/wp-content\/uploads\/2025\/06\/eduard_20.png 1230w, https:\/\/www.sedackyajnamieru.sk\/wp-content\/uploads\/2025\/06\/eduard_20-300x169.png 300w, https:\/\/www.sedackyajnamieru.sk\/wp-content\/uploads\/2025\/06\/eduard_20-1024x576.png 1024w, https:\/\/www.sedackyajnamieru.sk\/wp-content\/uploads\/2025\/06\/eduard_20-768x432.png 768w\" sizes=\"(max-width: 1230px) 100vw, 1230px\" \/><\/a>\n\t\t\t<\/div><\/figure><figure class='gallery-item'>\n\t\t\t<div class='gallery-icon landscape'>\n\t\t\t\t<a data-elementor-open-lightbox=\"yes\" data-elementor-lightbox-slideshow=\"19c1f10\" data-elementor-lightbox-title=\"Rohov\u00e1 seda\u010dka Eduard v zelenej farbe \u2013 modern\u00fd a pohodln\u00fd dizajn\" data-e-action-hash=\"#elementor-action%3Aaction%3Dlightbox%26settings%3DeyJpZCI6MTMxNywidXJsIjoiaHR0cHM6XC9cL3d3dy5zZWRhY2t5YWpuYW1pZXJ1LnNrXC93cC1jb250ZW50XC91cGxvYWRzXC8yMDI1XC8wNlwvZWR1YXJkXzIxLnBuZyIsInNsaWRlc2hvdyI6IjE5YzFmMTAifQ%3D%3D\" data-elementor-lightbox-description=\"Modern\u00e1 rohov\u00e1 seda\u010dka Eduard v elegantnej zelenej farbe, doplnen\u00e1 o nastavite\u013en\u00e9 opierky hlavy a m\u00e4kk\u00e9 \u010dal\u00fanenie. Ide\u00e1lna vo\u013eba do priestrann\u00fdch ob\u00fdva\u010diek, kde vynikne jej komfort, praktickos\u0165 a \u010dist\u00e9 l\u00ednie. Na sedackyajnamieru.sk si ju m\u00f4\u017eete vyrobi\u0165 na mieru presne pod\u013ea v\u00e1\u0161ho interi\u00e9ru.\" href='https:\/\/www.sedackyajnamieru.sk\/wp-content\/uploads\/2025\/06\/eduard_21.png'><img loading=\"lazy\" decoding=\"async\" width=\"1230\" height=\"692\" src=\"https:\/\/www.sedackyajnamieru.sk\/wp-content\/uploads\/2025\/06\/eduard_21.png\" class=\"attachment-full size-full\" alt=\"Zelen\u00e1 rohov\u00e1 seda\u010dka Eduard s nastavite\u013en\u00fdmi opierkami hlavy\" srcset=\"https:\/\/www.sedackyajnamieru.sk\/wp-content\/uploads\/2025\/06\/eduard_21.png 1230w, https:\/\/www.sedackyajnamieru.sk\/wp-content\/uploads\/2025\/06\/eduard_21-300x169.png 300w, https:\/\/www.sedackyajnamieru.sk\/wp-content\/uploads\/2025\/06\/eduard_21-1024x576.png 1024w, https:\/\/www.sedackyajnamieru.sk\/wp-content\/uploads\/2025\/06\/eduard_21-768x432.png 768w\" sizes=\"(max-width: 1230px) 100vw, 1230px\" \/><\/a>\n\t\t\t<\/div><\/figure><figure class='gallery-item'>\n\t\t\t<div class='gallery-icon landscape'>\n\t\t\t\t<a data-elementor-open-lightbox=\"yes\" data-elementor-lightbox-slideshow=\"19c1f10\" data-elementor-lightbox-title=\"Rohov\u00e1 seda\u010dka Eduard v zelenej farbe \u2013 modern\u00fd a pohodln\u00fd dizajn\" data-e-action-hash=\"#elementor-action%3Aaction%3Dlightbox%26settings%3DeyJpZCI6MTMxOCwidXJsIjoiaHR0cHM6XC9cL3d3dy5zZWRhY2t5YWpuYW1pZXJ1LnNrXC93cC1jb250ZW50XC91cGxvYWRzXC8yMDI1XC8wNlwvZWR1YXJkXzIyLnBuZyIsInNsaWRlc2hvdyI6IjE5YzFmMTAifQ%3D%3D\" data-elementor-lightbox-description=\"Modern\u00e1 rohov\u00e1 seda\u010dka Eduard v elegantnej zelenej farbe, doplnen\u00e1 o nastavite\u013en\u00e9 opierky hlavy a m\u00e4kk\u00e9 \u010dal\u00fanenie. Ide\u00e1lna vo\u013eba do priestrann\u00fdch ob\u00fdva\u010diek, kde vynikne jej komfort, praktickos\u0165 a \u010dist\u00e9 l\u00ednie. Na sedackyajnamieru.sk si ju m\u00f4\u017eete vyrobi\u0165 na mieru presne pod\u013ea v\u00e1\u0161ho interi\u00e9ru.\" href='https:\/\/www.sedackyajnamieru.sk\/wp-content\/uploads\/2025\/06\/eduard_22.png'><img loading=\"lazy\" decoding=\"async\" width=\"1230\" height=\"692\" src=\"https:\/\/www.sedackyajnamieru.sk\/wp-content\/uploads\/2025\/06\/eduard_22.png\" class=\"attachment-full size-full\" alt=\"Zelen\u00e1 rohov\u00e1 seda\u010dka Eduard s nastavite\u013en\u00fdmi opierkami hlavy\" srcset=\"https:\/\/www.sedackyajnamieru.sk\/wp-content\/uploads\/2025\/06\/eduard_22.png 1230w, https:\/\/www.sedackyajnamieru.sk\/wp-content\/uploads\/2025\/06\/eduard_22-300x169.png 300w, https:\/\/www.sedackyajnamieru.sk\/wp-content\/uploads\/2025\/06\/eduard_22-1024x576.png 1024w, https:\/\/www.sedackyajnamieru.sk\/wp-content\/uploads\/2025\/06\/eduard_22-768x432.png 768w\" sizes=\"(max-width: 1230px) 100vw, 1230px\" \/><\/a>\n\t\t\t<\/div><\/figure><figure class='gallery-item'>\n\t\t\t<div class='gallery-icon landscape'>\n\t\t\t\t<a data-elementor-open-lightbox=\"yes\" data-elementor-lightbox-slideshow=\"19c1f10\" data-elementor-lightbox-title=\"eduard_23\" data-e-action-hash=\"#elementor-action%3Aaction%3Dlightbox%26settings%3DeyJpZCI6MTMxOSwidXJsIjoiaHR0cHM6XC9cL3d3dy5zZWRhY2t5YWpuYW1pZXJ1LnNrXC93cC1jb250ZW50XC91cGxvYWRzXC8yMDI1XC8wNlwvZWR1YXJkXzIzLnBuZyIsInNsaWRlc2hvdyI6IjE5YzFmMTAifQ%3D%3D\" data-elementor-lightbox-description=\"Modern\u00e1 rohov\u00e1 seda\u010dka Eduard v elegantnej zelenej farbe, doplnen\u00e1 o nastavite\u013en\u00e9 opierky hlavy a m\u00e4kk\u00e9 \u010dal\u00fanenie. Ide\u00e1lna vo\u013eba do priestrann\u00fdch ob\u00fdva\u010diek, kde vynikne jej komfort, praktickos\u0165 a \u010dist\u00e9 l\u00ednie. Na sedackyajnamieru.sk si ju m\u00f4\u017eete vyrobi\u0165 na mieru presne pod\u013ea v\u00e1\u0161ho interi\u00e9ru.\" href='https:\/\/www.sedackyajnamieru.sk\/wp-content\/uploads\/2025\/06\/eduard_23.png'><img loading=\"lazy\" decoding=\"async\" width=\"1230\" height=\"692\" src=\"https:\/\/www.sedackyajnamieru.sk\/wp-content\/uploads\/2025\/06\/eduard_23.png\" class=\"attachment-full size-full\" alt=\"\" srcset=\"https:\/\/www.sedackyajnamieru.sk\/wp-content\/uploads\/2025\/06\/eduard_23.png 1230w, https:\/\/www.sedackyajnamieru.sk\/wp-content\/uploads\/2025\/06\/eduard_23-300x169.png 300w, https:\/\/www.sedackyajnamieru.sk\/wp-content\/uploads\/2025\/06\/eduard_23-1024x576.png 1024w, https:\/\/www.sedackyajnamieru.sk\/wp-content\/uploads\/2025\/06\/eduard_23-768x432.png 768w\" sizes=\"(max-width: 1230px) 100vw, 1230px\" \/><\/a>\n\t\t\t<\/div><\/figure><figure class='gallery-item'>\n\t\t\t<div class='gallery-icon landscape'>\n\t\t\t\t<a data-elementor-open-lightbox=\"yes\" data-elementor-lightbox-slideshow=\"19c1f10\" data-elementor-lightbox-title=\"eduard_24\" data-e-action-hash=\"#elementor-action%3Aaction%3Dlightbox%26settings%3DeyJpZCI6MTMyMCwidXJsIjoiaHR0cHM6XC9cL3d3dy5zZWRhY2t5YWpuYW1pZXJ1LnNrXC93cC1jb250ZW50XC91cGxvYWRzXC8yMDI1XC8wNlwvZWR1YXJkXzI0LnBuZyIsInNsaWRlc2hvdyI6IjE5YzFmMTAifQ%3D%3D\" data-elementor-lightbox-description=\"Modern\u00e1 rohov\u00e1 seda\u010dka Eduard v elegantnej zelenej farbe, doplnen\u00e1 o nastavite\u013en\u00e9 opierky hlavy a m\u00e4kk\u00e9 \u010dal\u00fanenie. Ide\u00e1lna vo\u013eba do priestrann\u00fdch ob\u00fdva\u010diek, kde vynikne jej komfort, praktickos\u0165 a \u010dist\u00e9 l\u00ednie. Na sedackyajnamieru.sk si ju m\u00f4\u017eete vyrobi\u0165 na mieru presne pod\u013ea v\u00e1\u0161ho interi\u00e9ru.\" href='https:\/\/www.sedackyajnamieru.sk\/wp-content\/uploads\/2025\/06\/eduard_24.png'><img loading=\"lazy\" decoding=\"async\" width=\"1230\" height=\"692\" src=\"https:\/\/www.sedackyajnamieru.sk\/wp-content\/uploads\/2025\/06\/eduard_24.png\" class=\"attachment-full size-full\" alt=\"\" srcset=\"https:\/\/www.sedackyajnamieru.sk\/wp-content\/uploads\/2025\/06\/eduard_24.png 1230w, https:\/\/www.sedackyajnamieru.sk\/wp-content\/uploads\/2025\/06\/eduard_24-300x169.png 300w, https:\/\/www.sedackyajnamieru.sk\/wp-content\/uploads\/2025\/06\/eduard_24-1024x576.png 1024w, https:\/\/www.sedackyajnamieru.sk\/wp-content\/uploads\/2025\/06\/eduard_24-768x432.png 768w\" sizes=\"(max-width: 1230px) 100vw, 1230px\" \/><\/a>\n\t\t\t<\/div><\/figure><figure class='gallery-item'>\n\t\t\t<div class='gallery-icon landscape'>\n\t\t\t\t<a data-elementor-open-lightbox=\"yes\" data-elementor-lightbox-slideshow=\"19c1f10\" data-elementor-lightbox-title=\"eduard_25_a\" data-e-action-hash=\"#elementor-action%3Aaction%3Dlightbox%26settings%3DeyJpZCI6MTMyMSwidXJsIjoiaHR0cHM6XC9cL3d3dy5zZWRhY2t5YWpuYW1pZXJ1LnNrXC93cC1jb250ZW50XC91cGxvYWRzXC8yMDI1XC8wNlwvZWR1YXJkXzI1X2EucG5nIiwic2xpZGVzaG93IjoiMTljMWYxMCJ9\" data-elementor-lightbox-description=\"Modern\u00e1 rohov\u00e1 seda\u010dka Eduard v elegantnej zelenej farbe, doplnen\u00e1 o nastavite\u013en\u00e9 opierky hlavy a m\u00e4kk\u00e9 \u010dal\u00fanenie. Ide\u00e1lna vo\u013eba do priestrann\u00fdch ob\u00fdva\u010diek, kde vynikne jej komfort, praktickos\u0165 a \u010dist\u00e9 l\u00ednie. Na sedackyajnamieru.sk si ju m\u00f4\u017eete vyrobi\u0165 na mieru presne pod\u013ea v\u00e1\u0161ho interi\u00e9ru.\" href='https:\/\/www.sedackyajnamieru.sk\/wp-content\/uploads\/2025\/06\/eduard_25_a.png'><img loading=\"lazy\" decoding=\"async\" width=\"1230\" height=\"692\" src=\"https:\/\/www.sedackyajnamieru.sk\/wp-content\/uploads\/2025\/06\/eduard_25_a.png\" class=\"attachment-full size-full\" alt=\"\" srcset=\"https:\/\/www.sedackyajnamieru.sk\/wp-content\/uploads\/2025\/06\/eduard_25_a.png 1230w, https:\/\/www.sedackyajnamieru.sk\/wp-content\/uploads\/2025\/06\/eduard_25_a-300x169.png 300w, https:\/\/www.sedackyajnamieru.sk\/wp-content\/uploads\/2025\/06\/eduard_25_a-1024x576.png 1024w, https:\/\/www.sedackyajnamieru.sk\/wp-content\/uploads\/2025\/06\/eduard_25_a-768x432.png 768w\" sizes=\"(max-width: 1230px) 100vw, 1230px\" \/><\/a>\n\t\t\t<\/div><\/figure><figure class='gallery-item'>\n\t\t\t<div class='gallery-icon landscape'>\n\t\t\t\t<a data-elementor-open-lightbox=\"yes\" data-elementor-lightbox-slideshow=\"19c1f10\" data-elementor-lightbox-title=\"eduard_25_b\" data-e-action-hash=\"#elementor-action%3Aaction%3Dlightbox%26settings%3DeyJpZCI6MTMyMiwidXJsIjoiaHR0cHM6XC9cL3d3dy5zZWRhY2t5YWpuYW1pZXJ1LnNrXC93cC1jb250ZW50XC91cGxvYWRzXC8yMDI1XC8wNlwvZWR1YXJkXzI1X2IucG5nIiwic2xpZGVzaG93IjoiMTljMWYxMCJ9\" data-elementor-lightbox-description=\"Modern\u00e1 rohov\u00e1 seda\u010dka Eduard v elegantnej zelenej farbe, doplnen\u00e1 o nastavite\u013en\u00e9 opierky hlavy a m\u00e4kk\u00e9 \u010dal\u00fanenie. Ide\u00e1lna vo\u013eba do priestrann\u00fdch ob\u00fdva\u010diek, kde vynikne jej komfort, praktickos\u0165 a \u010dist\u00e9 l\u00ednie. Na sedackyajnamieru.sk si ju m\u00f4\u017eete vyrobi\u0165 na mieru presne pod\u013ea v\u00e1\u0161ho interi\u00e9ru.\" href='https:\/\/www.sedackyajnamieru.sk\/wp-content\/uploads\/2025\/06\/eduard_25_b.png'><img loading=\"lazy\" decoding=\"async\" width=\"1230\" height=\"692\" src=\"https:\/\/www.sedackyajnamieru.sk\/wp-content\/uploads\/2025\/06\/eduard_25_b.png\" class=\"attachment-full size-full\" alt=\"\" srcset=\"https:\/\/www.sedackyajnamieru.sk\/wp-content\/uploads\/2025\/06\/eduard_25_b.png 1230w, https:\/\/www.sedackyajnamieru.sk\/wp-content\/uploads\/2025\/06\/eduard_25_b-300x169.png 300w, https:\/\/www.sedackyajnamieru.sk\/wp-content\/uploads\/2025\/06\/eduard_25_b-1024x576.png 1024w, https:\/\/www.sedackyajnamieru.sk\/wp-content\/uploads\/2025\/06\/eduard_25_b-768x432.png 768w\" sizes=\"(max-width: 1230px) 100vw, 1230px\" \/><\/a>\n\t\t\t<\/div><\/figure><figure class='gallery-item'>\n\t\t\t<div class='gallery-icon landscape'>\n\t\t\t\t<a data-elementor-open-lightbox=\"yes\" data-elementor-lightbox-slideshow=\"19c1f10\" data-elementor-lightbox-title=\"eduard_26_a\" data-e-action-hash=\"#elementor-action%3Aaction%3Dlightbox%26settings%3DeyJpZCI6MTMyMywidXJsIjoiaHR0cHM6XC9cL3d3dy5zZWRhY2t5YWpuYW1pZXJ1LnNrXC93cC1jb250ZW50XC91cGxvYWRzXC8yMDI1XC8wNlwvZWR1YXJkXzI2X2EucG5nIiwic2xpZGVzaG93IjoiMTljMWYxMCJ9\" data-elementor-lightbox-description=\"Modern\u00e1 rohov\u00e1 seda\u010dka Eduard v elegantnej zelenej farbe, doplnen\u00e1 o nastavite\u013en\u00e9 opierky hlavy a m\u00e4kk\u00e9 \u010dal\u00fanenie. Ide\u00e1lna vo\u013eba do priestrann\u00fdch ob\u00fdva\u010diek, kde vynikne jej komfort, praktickos\u0165 a \u010dist\u00e9 l\u00ednie. Na sedackyajnamieru.sk si ju m\u00f4\u017eete vyrobi\u0165 na mieru presne pod\u013ea v\u00e1\u0161ho interi\u00e9ru.\" href='https:\/\/www.sedackyajnamieru.sk\/wp-content\/uploads\/2025\/06\/eduard_26_a.png'><img loading=\"lazy\" decoding=\"async\" width=\"1230\" height=\"692\" src=\"https:\/\/www.sedackyajnamieru.sk\/wp-content\/uploads\/2025\/06\/eduard_26_a.png\" class=\"attachment-full size-full\" alt=\"\" srcset=\"https:\/\/www.sedackyajnamieru.sk\/wp-content\/uploads\/2025\/06\/eduard_26_a.png 1230w, https:\/\/www.sedackyajnamieru.sk\/wp-content\/uploads\/2025\/06\/eduard_26_a-300x169.png 300w, https:\/\/www.sedackyajnamieru.sk\/wp-content\/uploads\/2025\/06\/eduard_26_a-1024x576.png 1024w, https:\/\/www.sedackyajnamieru.sk\/wp-content\/uploads\/2025\/06\/eduard_26_a-768x432.png 768w\" sizes=\"(max-width: 1230px) 100vw, 1230px\" \/><\/a>\n\t\t\t<\/div><\/figure><figure class='gallery-item'>\n\t\t\t<div class='gallery-icon landscape'>\n\t\t\t\t<a data-elementor-open-lightbox=\"yes\" data-elementor-lightbox-slideshow=\"19c1f10\" data-elementor-lightbox-title=\"eduard_26_b\" data-e-action-hash=\"#elementor-action%3Aaction%3Dlightbox%26settings%3DeyJpZCI6MTMyNCwidXJsIjoiaHR0cHM6XC9cL3d3dy5zZWRhY2t5YWpuYW1pZXJ1LnNrXC93cC1jb250ZW50XC91cGxvYWRzXC8yMDI1XC8wNlwvZWR1YXJkXzI2X2IucG5nIiwic2xpZGVzaG93IjoiMTljMWYxMCJ9\" data-elementor-lightbox-description=\"Modern\u00e1 rohov\u00e1 seda\u010dka Eduard v elegantnej zelenej farbe, doplnen\u00e1 o nastavite\u013en\u00e9 opierky hlavy a m\u00e4kk\u00e9 \u010dal\u00fanenie. Ide\u00e1lna vo\u013eba do priestrann\u00fdch ob\u00fdva\u010diek, kde vynikne jej komfort, praktickos\u0165 a \u010dist\u00e9 l\u00ednie. Na sedackyajnamieru.sk si ju m\u00f4\u017eete vyrobi\u0165 na mieru presne pod\u013ea v\u00e1\u0161ho interi\u00e9ru.\" href='https:\/\/www.sedackyajnamieru.sk\/wp-content\/uploads\/2025\/06\/eduard_26_b.png'><img loading=\"lazy\" decoding=\"async\" width=\"1230\" height=\"692\" src=\"https:\/\/www.sedackyajnamieru.sk\/wp-content\/uploads\/2025\/06\/eduard_26_b.png\" class=\"attachment-full size-full\" alt=\"\" srcset=\"https:\/\/www.sedackyajnamieru.sk\/wp-content\/uploads\/2025\/06\/eduard_26_b.png 1230w, https:\/\/www.sedackyajnamieru.sk\/wp-content\/uploads\/2025\/06\/eduard_26_b-300x169.png 300w, https:\/\/www.sedackyajnamieru.sk\/wp-content\/uploads\/2025\/06\/eduard_26_b-1024x576.png 1024w, https:\/\/www.sedackyajnamieru.sk\/wp-content\/uploads\/2025\/06\/eduard_26_b-768x432.png 768w\" sizes=\"(max-width: 1230px) 100vw, 1230px\" \/><\/a>\n\t\t\t<\/div><\/figure><figure class='gallery-item'>\n\t\t\t<div class='gallery-icon landscape'>\n\t\t\t\t<a data-elementor-open-lightbox=\"yes\" data-elementor-lightbox-slideshow=\"19c1f10\" data-elementor-lightbox-title=\"eduard_27\" data-e-action-hash=\"#elementor-action%3Aaction%3Dlightbox%26settings%3DeyJpZCI6MTMyNSwidXJsIjoiaHR0cHM6XC9cL3d3dy5zZWRhY2t5YWpuYW1pZXJ1LnNrXC93cC1jb250ZW50XC91cGxvYWRzXC8yMDI1XC8wNlwvZWR1YXJkXzI3LnBuZyIsInNsaWRlc2hvdyI6IjE5YzFmMTAifQ%3D%3D\" data-elementor-lightbox-description=\"Modern\u00e1 rohov\u00e1 seda\u010dka Eduard v elegantnej zelenej farbe, doplnen\u00e1 o nastavite\u013en\u00e9 opierky hlavy a m\u00e4kk\u00e9 \u010dal\u00fanenie. Ide\u00e1lna vo\u013eba do priestrann\u00fdch ob\u00fdva\u010diek, kde vynikne jej komfort, praktickos\u0165 a \u010dist\u00e9 l\u00ednie. Na sedackyajnamieru.sk si ju m\u00f4\u017eete vyrobi\u0165 na mieru presne pod\u013ea v\u00e1\u0161ho interi\u00e9ru.\" href='https:\/\/www.sedackyajnamieru.sk\/wp-content\/uploads\/2025\/06\/eduard_27.png'><img loading=\"lazy\" decoding=\"async\" width=\"1230\" height=\"692\" src=\"https:\/\/www.sedackyajnamieru.sk\/wp-content\/uploads\/2025\/06\/eduard_27.png\" class=\"attachment-full size-full\" alt=\"\" srcset=\"https:\/\/www.sedackyajnamieru.sk\/wp-content\/uploads\/2025\/06\/eduard_27.png 1230w, https:\/\/www.sedackyajnamieru.sk\/wp-content\/uploads\/2025\/06\/eduard_27-300x169.png 300w, https:\/\/www.sedackyajnamieru.sk\/wp-content\/uploads\/2025\/06\/eduard_27-1024x576.png 1024w, https:\/\/www.sedackyajnamieru.sk\/wp-content\/uploads\/2025\/06\/eduard_27-768x432.png 768w\" sizes=\"(max-width: 1230px) 100vw, 1230px\" \/><\/a>\n\t\t\t<\/div><\/figure><figure class='gallery-item'>\n\t\t\t<div class='gallery-icon landscape'>\n\t\t\t\t<a data-elementor-open-lightbox=\"yes\" data-elementor-lightbox-slideshow=\"19c1f10\" data-elementor-lightbox-title=\"eduard_28\" data-e-action-hash=\"#elementor-action%3Aaction%3Dlightbox%26settings%3DeyJpZCI6MTMyNiwidXJsIjoiaHR0cHM6XC9cL3d3dy5zZWRhY2t5YWpuYW1pZXJ1LnNrXC93cC1jb250ZW50XC91cGxvYWRzXC8yMDI1XC8wNlwvZWR1YXJkXzI4LnBuZyIsInNsaWRlc2hvdyI6IjE5YzFmMTAifQ%3D%3D\" data-elementor-lightbox-description=\"Modern\u00e1 rohov\u00e1 seda\u010dka Eduard v elegantnej zelenej farbe, doplnen\u00e1 o nastavite\u013en\u00e9 opierky hlavy a m\u00e4kk\u00e9 \u010dal\u00fanenie. Ide\u00e1lna vo\u013eba do priestrann\u00fdch ob\u00fdva\u010diek, kde vynikne jej komfort, praktickos\u0165 a \u010dist\u00e9 l\u00ednie. Na sedackyajnamieru.sk si ju m\u00f4\u017eete vyrobi\u0165 na mieru presne pod\u013ea v\u00e1\u0161ho interi\u00e9ru.\" href='https:\/\/www.sedackyajnamieru.sk\/wp-content\/uploads\/2025\/06\/eduard_28.png'><img loading=\"lazy\" decoding=\"async\" width=\"1230\" height=\"692\" src=\"https:\/\/www.sedackyajnamieru.sk\/wp-content\/uploads\/2025\/06\/eduard_28.png\" class=\"attachment-full size-full\" alt=\"\" srcset=\"https:\/\/www.sedackyajnamieru.sk\/wp-content\/uploads\/2025\/06\/eduard_28.png 1230w, https:\/\/www.sedackyajnamieru.sk\/wp-content\/uploads\/2025\/06\/eduard_28-300x169.png 300w, https:\/\/www.sedackyajnamieru.sk\/wp-content\/uploads\/2025\/06\/eduard_28-1024x576.png 1024w, https:\/\/www.sedackyajnamieru.sk\/wp-content\/uploads\/2025\/06\/eduard_28-768x432.png 768w\" sizes=\"(max-width: 1230px) 100vw, 1230px\" \/><\/a>\n\t\t\t<\/div><\/figure><figure class='gallery-item'>\n\t\t\t<div class='gallery-icon landscape'>\n\t\t\t\t<a data-elementor-open-lightbox=\"yes\" data-elementor-lightbox-slideshow=\"19c1f10\" data-elementor-lightbox-title=\"eduard_28_a\" data-e-action-hash=\"#elementor-action%3Aaction%3Dlightbox%26settings%3DeyJpZCI6MTMyNywidXJsIjoiaHR0cHM6XC9cL3d3dy5zZWRhY2t5YWpuYW1pZXJ1LnNrXC93cC1jb250ZW50XC91cGxvYWRzXC8yMDI1XC8wNlwvZWR1YXJkXzI4X2EucG5nIiwic2xpZGVzaG93IjoiMTljMWYxMCJ9\" data-elementor-lightbox-description=\"Modern\u00e1 rohov\u00e1 seda\u010dka Eduard v elegantnej zelenej farbe, doplnen\u00e1 o nastavite\u013en\u00e9 opierky hlavy a m\u00e4kk\u00e9 \u010dal\u00fanenie. Ide\u00e1lna vo\u013eba do priestrann\u00fdch ob\u00fdva\u010diek, kde vynikne jej komfort, praktickos\u0165 a \u010dist\u00e9 l\u00ednie. Na sedackyajnamieru.sk si ju m\u00f4\u017eete vyrobi\u0165 na mieru presne pod\u013ea v\u00e1\u0161ho interi\u00e9ru.\" href='https:\/\/www.sedackyajnamieru.sk\/wp-content\/uploads\/2025\/06\/eduard_28_a.png'><img loading=\"lazy\" decoding=\"async\" width=\"1230\" height=\"692\" src=\"https:\/\/www.sedackyajnamieru.sk\/wp-content\/uploads\/2025\/06\/eduard_28_a.png\" class=\"attachment-full size-full\" alt=\"\" srcset=\"https:\/\/www.sedackyajnamieru.sk\/wp-content\/uploads\/2025\/06\/eduard_28_a.png 1230w, https:\/\/www.sedackyajnamieru.sk\/wp-content\/uploads\/2025\/06\/eduard_28_a-300x169.png 300w, https:\/\/www.sedackyajnamieru.sk\/wp-content\/uploads\/2025\/06\/eduard_28_a-1024x576.png 1024w, https:\/\/www.sedackyajnamieru.sk\/wp-content\/uploads\/2025\/06\/eduard_28_a-768x432.png 768w\" sizes=\"(max-width: 1230px) 100vw, 1230px\" \/><\/a>\n\t\t\t<\/div><\/figure><figure class='gallery-item'>\n\t\t\t<div class='gallery-icon landscape'>\n\t\t\t\t<a data-elementor-open-lightbox=\"yes\" data-elementor-lightbox-slideshow=\"19c1f10\" data-elementor-lightbox-title=\"eduard_29_a\" data-e-action-hash=\"#elementor-action%3Aaction%3Dlightbox%26settings%3DeyJpZCI6MTMyOCwidXJsIjoiaHR0cHM6XC9cL3d3dy5zZWRhY2t5YWpuYW1pZXJ1LnNrXC93cC1jb250ZW50XC91cGxvYWRzXC8yMDI1XC8wNlwvZWR1YXJkXzI5X2EucG5nIiwic2xpZGVzaG93IjoiMTljMWYxMCJ9\" data-elementor-lightbox-description=\"Modern\u00e1 rohov\u00e1 seda\u010dka Eduard v elegantnej zelenej farbe, doplnen\u00e1 o nastavite\u013en\u00e9 opierky hlavy a m\u00e4kk\u00e9 \u010dal\u00fanenie. Ide\u00e1lna vo\u013eba do priestrann\u00fdch ob\u00fdva\u010diek, kde vynikne jej komfort, praktickos\u0165 a \u010dist\u00e9 l\u00ednie. Na sedackyajnamieru.sk si ju m\u00f4\u017eete vyrobi\u0165 na mieru presne pod\u013ea v\u00e1\u0161ho interi\u00e9ru.\" href='https:\/\/www.sedackyajnamieru.sk\/wp-content\/uploads\/2025\/06\/eduard_29_a.png'><img loading=\"lazy\" decoding=\"async\" width=\"1230\" height=\"692\" src=\"https:\/\/www.sedackyajnamieru.sk\/wp-content\/uploads\/2025\/06\/eduard_29_a.png\" class=\"attachment-full size-full\" alt=\"\" srcset=\"https:\/\/www.sedackyajnamieru.sk\/wp-content\/uploads\/2025\/06\/eduard_29_a.png 1230w, https:\/\/www.sedackyajnamieru.sk\/wp-content\/uploads\/2025\/06\/eduard_29_a-300x169.png 300w, https:\/\/www.sedackyajnamieru.sk\/wp-content\/uploads\/2025\/06\/eduard_29_a-1024x576.png 1024w, https:\/\/www.sedackyajnamieru.sk\/wp-content\/uploads\/2025\/06\/eduard_29_a-768x432.png 768w\" sizes=\"(max-width: 1230px) 100vw, 1230px\" \/><\/a>\n\t\t\t<\/div><\/figure><figure class='gallery-item'>\n\t\t\t<div class='gallery-icon landscape'>\n\t\t\t\t<a data-elementor-open-lightbox=\"yes\" data-elementor-lightbox-slideshow=\"19c1f10\" data-elementor-lightbox-title=\"eduard_30_a\" data-e-action-hash=\"#elementor-action%3Aaction%3Dlightbox%26settings%3DeyJpZCI6MTMyOSwidXJsIjoiaHR0cHM6XC9cL3d3dy5zZWRhY2t5YWpuYW1pZXJ1LnNrXC93cC1jb250ZW50XC91cGxvYWRzXC8yMDI1XC8wNlwvZWR1YXJkXzMwX2EucG5nIiwic2xpZGVzaG93IjoiMTljMWYxMCJ9\" data-elementor-lightbox-description=\"Modern\u00e1 rohov\u00e1 seda\u010dka Eduard v elegantnej zelenej farbe, doplnen\u00e1 o nastavite\u013en\u00e9 opierky hlavy a m\u00e4kk\u00e9 \u010dal\u00fanenie. Ide\u00e1lna vo\u013eba do priestrann\u00fdch ob\u00fdva\u010diek, kde vynikne jej komfort, praktickos\u0165 a \u010dist\u00e9 l\u00ednie. Na sedackyajnamieru.sk si ju m\u00f4\u017eete vyrobi\u0165 na mieru presne pod\u013ea v\u00e1\u0161ho interi\u00e9ru.\" href='https:\/\/www.sedackyajnamieru.sk\/wp-content\/uploads\/2025\/06\/eduard_30_a.png'><img loading=\"lazy\" decoding=\"async\" width=\"1230\" height=\"693\" src=\"https:\/\/www.sedackyajnamieru.sk\/wp-content\/uploads\/2025\/06\/eduard_30_a.png\" class=\"attachment-full size-full\" alt=\"\" srcset=\"https:\/\/www.sedackyajnamieru.sk\/wp-content\/uploads\/2025\/06\/eduard_30_a.png 1230w, https:\/\/www.sedackyajnamieru.sk\/wp-content\/uploads\/2025\/06\/eduard_30_a-300x169.png 300w, https:\/\/www.sedackyajnamieru.sk\/wp-content\/uploads\/2025\/06\/eduard_30_a-1024x577.png 1024w, https:\/\/www.sedackyajnamieru.sk\/wp-content\/uploads\/2025\/06\/eduard_30_a-768x433.png 768w\" sizes=\"(max-width: 1230px) 100vw, 1230px\" \/><\/a>\n\t\t\t<\/div><\/figure><figure class='gallery-item'>\n\t\t\t<div class='gallery-icon landscape'>\n\t\t\t\t<a data-elementor-open-lightbox=\"yes\" data-elementor-lightbox-slideshow=\"19c1f10\" data-elementor-lightbox-title=\"eduard_30_b\" data-e-action-hash=\"#elementor-action%3Aaction%3Dlightbox%26settings%3DeyJpZCI6MTMzMCwidXJsIjoiaHR0cHM6XC9cL3d3dy5zZWRhY2t5YWpuYW1pZXJ1LnNrXC93cC1jb250ZW50XC91cGxvYWRzXC8yMDI1XC8wNlwvZWR1YXJkXzMwX2IucG5nIiwic2xpZGVzaG93IjoiMTljMWYxMCJ9\" data-elementor-lightbox-description=\"Modern\u00e1 rohov\u00e1 seda\u010dka Eduard v elegantnej zelenej farbe, doplnen\u00e1 o nastavite\u013en\u00e9 opierky hlavy a m\u00e4kk\u00e9 \u010dal\u00fanenie. Ide\u00e1lna vo\u013eba do priestrann\u00fdch ob\u00fdva\u010diek, kde vynikne jej komfort, praktickos\u0165 a \u010dist\u00e9 l\u00ednie. Na sedackyajnamieru.sk si ju m\u00f4\u017eete vyrobi\u0165 na mieru presne pod\u013ea v\u00e1\u0161ho interi\u00e9ru.\" href='https:\/\/www.sedackyajnamieru.sk\/wp-content\/uploads\/2025\/06\/eduard_30_b.png'><img loading=\"lazy\" decoding=\"async\" width=\"1230\" height=\"692\" src=\"https:\/\/www.sedackyajnamieru.sk\/wp-content\/uploads\/2025\/06\/eduard_30_b.png\" class=\"attachment-full size-full\" alt=\"\" srcset=\"https:\/\/www.sedackyajnamieru.sk\/wp-content\/uploads\/2025\/06\/eduard_30_b.png 1230w, https:\/\/www.sedackyajnamieru.sk\/wp-content\/uploads\/2025\/06\/eduard_30_b-300x169.png 300w, https:\/\/www.sedackyajnamieru.sk\/wp-content\/uploads\/2025\/06\/eduard_30_b-1024x576.png 1024w, https:\/\/www.sedackyajnamieru.sk\/wp-content\/uploads\/2025\/06\/eduard_30_b-768x432.png 768w\" sizes=\"(max-width: 1230px) 100vw, 1230px\" \/><\/a>\n\t\t\t<\/div><\/figure><figure class='gallery-item'>\n\t\t\t<div class='gallery-icon landscape'>\n\t\t\t\t<a data-elementor-open-lightbox=\"yes\" data-elementor-lightbox-slideshow=\"19c1f10\" data-elementor-lightbox-title=\"eduard_30_c\" data-e-action-hash=\"#elementor-action%3Aaction%3Dlightbox%26settings%3DeyJpZCI6MTMzMSwidXJsIjoiaHR0cHM6XC9cL3d3dy5zZWRhY2t5YWpuYW1pZXJ1LnNrXC93cC1jb250ZW50XC91cGxvYWRzXC8yMDI1XC8wNlwvZWR1YXJkXzMwX2MucG5nIiwic2xpZGVzaG93IjoiMTljMWYxMCJ9\" data-elementor-lightbox-description=\"Modern\u00e1 rohov\u00e1 seda\u010dka Eduard v elegantnej zelenej farbe, doplnen\u00e1 o nastavite\u013en\u00e9 opierky hlavy a m\u00e4kk\u00e9 \u010dal\u00fanenie. Ide\u00e1lna vo\u013eba do priestrann\u00fdch ob\u00fdva\u010diek, kde vynikne jej komfort, praktickos\u0165 a \u010dist\u00e9 l\u00ednie. Na sedackyajnamieru.sk si ju m\u00f4\u017eete vyrobi\u0165 na mieru presne pod\u013ea v\u00e1\u0161ho interi\u00e9ru.\" href='https:\/\/www.sedackyajnamieru.sk\/wp-content\/uploads\/2025\/06\/eduard_30_c.png'><img loading=\"lazy\" decoding=\"async\" width=\"1230\" height=\"692\" src=\"https:\/\/www.sedackyajnamieru.sk\/wp-content\/uploads\/2025\/06\/eduard_30_c.png\" class=\"attachment-full size-full\" alt=\"\" srcset=\"https:\/\/www.sedackyajnamieru.sk\/wp-content\/uploads\/2025\/06\/eduard_30_c.png 1230w, https:\/\/www.sedackyajnamieru.sk\/wp-content\/uploads\/2025\/06\/eduard_30_c-300x169.png 300w, https:\/\/www.sedackyajnamieru.sk\/wp-content\/uploads\/2025\/06\/eduard_30_c-1024x576.png 1024w, https:\/\/www.sedackyajnamieru.sk\/wp-content\/uploads\/2025\/06\/eduard_30_c-768x432.png 768w\" sizes=\"(max-width: 1230px) 100vw, 1230px\" \/><\/a>\n\t\t\t<\/div><\/figure><figure class='gallery-item'>\n\t\t\t<div class='gallery-icon landscape'>\n\t\t\t\t<a data-elementor-open-lightbox=\"yes\" data-elementor-lightbox-slideshow=\"19c1f10\" data-elementor-lightbox-title=\"eduard_30_d\" data-e-action-hash=\"#elementor-action%3Aaction%3Dlightbox%26settings%3DeyJpZCI6MTMzMiwidXJsIjoiaHR0cHM6XC9cL3d3dy5zZWRhY2t5YWpuYW1pZXJ1LnNrXC93cC1jb250ZW50XC91cGxvYWRzXC8yMDI1XC8wNlwvZWR1YXJkXzMwX2QucG5nIiwic2xpZGVzaG93IjoiMTljMWYxMCJ9\" data-elementor-lightbox-description=\"Modern\u00e1 rohov\u00e1 seda\u010dka Eduard v elegantnej zelenej farbe, doplnen\u00e1 o nastavite\u013en\u00e9 opierky hlavy a m\u00e4kk\u00e9 \u010dal\u00fanenie. Ide\u00e1lna vo\u013eba do priestrann\u00fdch ob\u00fdva\u010diek, kde vynikne jej komfort, praktickos\u0165 a \u010dist\u00e9 l\u00ednie. Na sedackyajnamieru.sk si ju m\u00f4\u017eete vyrobi\u0165 na mieru presne pod\u013ea v\u00e1\u0161ho interi\u00e9ru.\" href='https:\/\/www.sedackyajnamieru.sk\/wp-content\/uploads\/2025\/06\/eduard_30_d.png'><img loading=\"lazy\" decoding=\"async\" width=\"1230\" height=\"692\" src=\"https:\/\/www.sedackyajnamieru.sk\/wp-content\/uploads\/2025\/06\/eduard_30_d.png\" class=\"attachment-full size-full\" alt=\"\" srcset=\"https:\/\/www.sedackyajnamieru.sk\/wp-content\/uploads\/2025\/06\/eduard_30_d.png 1230w, https:\/\/www.sedackyajnamieru.sk\/wp-content\/uploads\/2025\/06\/eduard_30_d-300x169.png 300w, https:\/\/www.sedackyajnamieru.sk\/wp-content\/uploads\/2025\/06\/eduard_30_d-1024x576.png 1024w, https:\/\/www.sedackyajnamieru.sk\/wp-content\/uploads\/2025\/06\/eduard_30_d-768x432.png 768w\" sizes=\"(max-width: 1230px) 100vw, 1230px\" \/><\/a>\n\t\t\t<\/div><\/figure><figure class='gallery-item'>\n\t\t\t<div class='gallery-icon landscape'>\n\t\t\t\t<a data-elementor-open-lightbox=\"yes\" data-elementor-lightbox-slideshow=\"19c1f10\" data-elementor-lightbox-title=\"eduard_30_e\" data-e-action-hash=\"#elementor-action%3Aaction%3Dlightbox%26settings%3DeyJpZCI6MTMzMywidXJsIjoiaHR0cHM6XC9cL3d3dy5zZWRhY2t5YWpuYW1pZXJ1LnNrXC93cC1jb250ZW50XC91cGxvYWRzXC8yMDI1XC8wNlwvZWR1YXJkXzMwX2UucG5nIiwic2xpZGVzaG93IjoiMTljMWYxMCJ9\" data-elementor-lightbox-description=\"Modern\u00e1 rohov\u00e1 seda\u010dka Eduard v elegantnej zelenej farbe, doplnen\u00e1 o nastavite\u013en\u00e9 opierky hlavy a m\u00e4kk\u00e9 \u010dal\u00fanenie. Ide\u00e1lna vo\u013eba do priestrann\u00fdch ob\u00fdva\u010diek, kde vynikne jej komfort, praktickos\u0165 a \u010dist\u00e9 l\u00ednie. Na sedackyajnamieru.sk si ju m\u00f4\u017eete vyrobi\u0165 na mieru presne pod\u013ea v\u00e1\u0161ho interi\u00e9ru.\" href='https:\/\/www.sedackyajnamieru.sk\/wp-content\/uploads\/2025\/06\/eduard_30_e.png'><img loading=\"lazy\" decoding=\"async\" width=\"1230\" height=\"692\" src=\"https:\/\/www.sedackyajnamieru.sk\/wp-content\/uploads\/2025\/06\/eduard_30_e.png\" class=\"attachment-full size-full\" alt=\"\" srcset=\"https:\/\/www.sedackyajnamieru.sk\/wp-content\/uploads\/2025\/06\/eduard_30_e.png 1230w, https:\/\/www.sedackyajnamieru.sk\/wp-content\/uploads\/2025\/06\/eduard_30_e-300x169.png 300w, https:\/\/www.sedackyajnamieru.sk\/wp-content\/uploads\/2025\/06\/eduard_30_e-1024x576.png 1024w, https:\/\/www.sedackyajnamieru.sk\/wp-content\/uploads\/2025\/06\/eduard_30_e-768x432.png 768w\" sizes=\"(max-width: 1230px) 100vw, 1230px\" \/><\/a>\n\t\t\t<\/div><\/figure><figure class='gallery-item'>\n\t\t\t<div class='gallery-icon landscape'>\n\t\t\t\t<a data-elementor-open-lightbox=\"yes\" data-elementor-lightbox-slideshow=\"19c1f10\" data-elementor-lightbox-title=\"eduard_30_f\" data-e-action-hash=\"#elementor-action%3Aaction%3Dlightbox%26settings%3DeyJpZCI6MTMzNCwidXJsIjoiaHR0cHM6XC9cL3d3dy5zZWRhY2t5YWpuYW1pZXJ1LnNrXC93cC1jb250ZW50XC91cGxvYWRzXC8yMDI1XC8wNlwvZWR1YXJkXzMwX2YucG5nIiwic2xpZGVzaG93IjoiMTljMWYxMCJ9\" data-elementor-lightbox-description=\"Modern\u00e1 rohov\u00e1 seda\u010dka Eduard v elegantnej zelenej farbe, doplnen\u00e1 o nastavite\u013en\u00e9 opierky hlavy a m\u00e4kk\u00e9 \u010dal\u00fanenie. Ide\u00e1lna vo\u013eba do priestrann\u00fdch ob\u00fdva\u010diek, kde vynikne jej komfort, praktickos\u0165 a \u010dist\u00e9 l\u00ednie. Na sedackyajnamieru.sk si ju m\u00f4\u017eete vyrobi\u0165 na mieru presne pod\u013ea v\u00e1\u0161ho interi\u00e9ru.\" href='https:\/\/www.sedackyajnamieru.sk\/wp-content\/uploads\/2025\/06\/eduard_30_f.png'><img loading=\"lazy\" decoding=\"async\" width=\"1230\" height=\"692\" src=\"https:\/\/www.sedackyajnamieru.sk\/wp-content\/uploads\/2025\/06\/eduard_30_f.png\" class=\"attachment-full size-full\" alt=\"\" srcset=\"https:\/\/www.sedackyajnamieru.sk\/wp-content\/uploads\/2025\/06\/eduard_30_f.png 1230w, https:\/\/www.sedackyajnamieru.sk\/wp-content\/uploads\/2025\/06\/eduard_30_f-300x169.png 300w, https:\/\/www.sedackyajnamieru.sk\/wp-content\/uploads\/2025\/06\/eduard_30_f-1024x576.png 1024w, https:\/\/www.sedackyajnamieru.sk\/wp-content\/uploads\/2025\/06\/eduard_30_f-768x432.png 768w\" sizes=\"(max-width: 1230px) 100vw, 1230px\" \/><\/a>\n\t\t\t<\/div><\/figure><figure class='gallery-item'>\n\t\t\t<div class='gallery-icon landscape'>\n\t\t\t\t<a data-elementor-open-lightbox=\"yes\" data-elementor-lightbox-slideshow=\"19c1f10\" data-elementor-lightbox-title=\"eduard_31_a\" data-e-action-hash=\"#elementor-action%3Aaction%3Dlightbox%26settings%3DeyJpZCI6MTMzNSwidXJsIjoiaHR0cHM6XC9cL3d3dy5zZWRhY2t5YWpuYW1pZXJ1LnNrXC93cC1jb250ZW50XC91cGxvYWRzXC8yMDI1XC8wNlwvZWR1YXJkXzMxX2EucG5nIiwic2xpZGVzaG93IjoiMTljMWYxMCJ9\" data-elementor-lightbox-description=\"Modern\u00e1 rohov\u00e1 seda\u010dka Eduard v elegantnej zelenej farbe, doplnen\u00e1 o nastavite\u013en\u00e9 opierky hlavy a m\u00e4kk\u00e9 \u010dal\u00fanenie. Ide\u00e1lna vo\u013eba do priestrann\u00fdch ob\u00fdva\u010diek, kde vynikne jej komfort, praktickos\u0165 a \u010dist\u00e9 l\u00ednie. Na sedackyajnamieru.sk si ju m\u00f4\u017eete vyrobi\u0165 na mieru presne pod\u013ea v\u00e1\u0161ho interi\u00e9ru.\" href='https:\/\/www.sedackyajnamieru.sk\/wp-content\/uploads\/2025\/06\/eduard_31_a.png'><img loading=\"lazy\" decoding=\"async\" width=\"1230\" height=\"692\" src=\"https:\/\/www.sedackyajnamieru.sk\/wp-content\/uploads\/2025\/06\/eduard_31_a.png\" class=\"attachment-full size-full\" alt=\"\" srcset=\"https:\/\/www.sedackyajnamieru.sk\/wp-content\/uploads\/2025\/06\/eduard_31_a.png 1230w, https:\/\/www.sedackyajnamieru.sk\/wp-content\/uploads\/2025\/06\/eduard_31_a-300x169.png 300w, https:\/\/www.sedackyajnamieru.sk\/wp-content\/uploads\/2025\/06\/eduard_31_a-1024x576.png 1024w, https:\/\/www.sedackyajnamieru.sk\/wp-content\/uploads\/2025\/06\/eduard_31_a-768x432.png 768w\" sizes=\"(max-width: 1230px) 100vw, 1230px\" \/><\/a>\n\t\t\t<\/div><\/figure><figure class='gallery-item'>\n\t\t\t<div class='gallery-icon landscape'>\n\t\t\t\t<a data-elementor-open-lightbox=\"yes\" data-elementor-lightbox-slideshow=\"19c1f10\" data-elementor-lightbox-title=\"eduard_31_b\" data-e-action-hash=\"#elementor-action%3Aaction%3Dlightbox%26settings%3DeyJpZCI6MTMzNiwidXJsIjoiaHR0cHM6XC9cL3d3dy5zZWRhY2t5YWpuYW1pZXJ1LnNrXC93cC1jb250ZW50XC91cGxvYWRzXC8yMDI1XC8wNlwvZWR1YXJkXzMxX2IucG5nIiwic2xpZGVzaG93IjoiMTljMWYxMCJ9\" data-elementor-lightbox-description=\"Modern\u00e1 rohov\u00e1 seda\u010dka Eduard v elegantnej zelenej farbe, doplnen\u00e1 o nastavite\u013en\u00e9 opierky hlavy a m\u00e4kk\u00e9 \u010dal\u00fanenie. Ide\u00e1lna vo\u013eba do priestrann\u00fdch ob\u00fdva\u010diek, kde vynikne jej komfort, praktickos\u0165 a \u010dist\u00e9 l\u00ednie. Na sedackyajnamieru.sk si ju m\u00f4\u017eete vyrobi\u0165 na mieru presne pod\u013ea v\u00e1\u0161ho interi\u00e9ru.\" href='https:\/\/www.sedackyajnamieru.sk\/wp-content\/uploads\/2025\/06\/eduard_31_b.png'><img loading=\"lazy\" decoding=\"async\" width=\"1230\" height=\"692\" src=\"https:\/\/www.sedackyajnamieru.sk\/wp-content\/uploads\/2025\/06\/eduard_31_b.png\" class=\"attachment-full size-full\" alt=\"\" srcset=\"https:\/\/www.sedackyajnamieru.sk\/wp-content\/uploads\/2025\/06\/eduard_31_b.png 1230w, https:\/\/www.sedackyajnamieru.sk\/wp-content\/uploads\/2025\/06\/eduard_31_b-300x169.png 300w, https:\/\/www.sedackyajnamieru.sk\/wp-content\/uploads\/2025\/06\/eduard_31_b-1024x576.png 1024w, https:\/\/www.sedackyajnamieru.sk\/wp-content\/uploads\/2025\/06\/eduard_31_b-768x432.png 768w\" sizes=\"(max-width: 1230px) 100vw, 1230px\" \/><\/a>\n\t\t\t<\/div><\/figure><figure class='gallery-item'>\n\t\t\t<div class='gallery-icon landscape'>\n\t\t\t\t<a data-elementor-open-lightbox=\"yes\" data-elementor-lightbox-slideshow=\"19c1f10\" data-elementor-lightbox-title=\"eduard_31_c\" data-e-action-hash=\"#elementor-action%3Aaction%3Dlightbox%26settings%3DeyJpZCI6MTMzNywidXJsIjoiaHR0cHM6XC9cL3d3dy5zZWRhY2t5YWpuYW1pZXJ1LnNrXC93cC1jb250ZW50XC91cGxvYWRzXC8yMDI1XC8wNlwvZWR1YXJkXzMxX2MucG5nIiwic2xpZGVzaG93IjoiMTljMWYxMCJ9\" data-elementor-lightbox-description=\"Modern\u00e1 rohov\u00e1 seda\u010dka Eduard v elegantnej zelenej farbe, doplnen\u00e1 o nastavite\u013en\u00e9 opierky hlavy a m\u00e4kk\u00e9 \u010dal\u00fanenie. Ide\u00e1lna vo\u013eba do priestrann\u00fdch ob\u00fdva\u010diek, kde vynikne jej komfort, praktickos\u0165 a \u010dist\u00e9 l\u00ednie. Na sedackyajnamieru.sk si ju m\u00f4\u017eete vyrobi\u0165 na mieru presne pod\u013ea v\u00e1\u0161ho interi\u00e9ru.\" href='https:\/\/www.sedackyajnamieru.sk\/wp-content\/uploads\/2025\/06\/eduard_31_c.png'><img loading=\"lazy\" decoding=\"async\" width=\"1230\" height=\"692\" src=\"https:\/\/www.sedackyajnamieru.sk\/wp-content\/uploads\/2025\/06\/eduard_31_c.png\" class=\"attachment-full size-full\" alt=\"\" srcset=\"https:\/\/www.sedackyajnamieru.sk\/wp-content\/uploads\/2025\/06\/eduard_31_c.png 1230w, https:\/\/www.sedackyajnamieru.sk\/wp-content\/uploads\/2025\/06\/eduard_31_c-300x169.png 300w, https:\/\/www.sedackyajnamieru.sk\/wp-content\/uploads\/2025\/06\/eduard_31_c-1024x576.png 1024w, https:\/\/www.sedackyajnamieru.sk\/wp-content\/uploads\/2025\/06\/eduard_31_c-768x432.png 768w\" sizes=\"(max-width: 1230px) 100vw, 1230px\" \/><\/a>\n\t\t\t<\/div><\/figure><figure class='gallery-item'>\n\t\t\t<div class='gallery-icon landscape'>\n\t\t\t\t<a data-elementor-open-lightbox=\"yes\" data-elementor-lightbox-slideshow=\"19c1f10\" data-elementor-lightbox-title=\"eduard_31_d\" data-e-action-hash=\"#elementor-action%3Aaction%3Dlightbox%26settings%3DeyJpZCI6MTMzOCwidXJsIjoiaHR0cHM6XC9cL3d3dy5zZWRhY2t5YWpuYW1pZXJ1LnNrXC93cC1jb250ZW50XC91cGxvYWRzXC8yMDI1XC8wNlwvZWR1YXJkXzMxX2QucG5nIiwic2xpZGVzaG93IjoiMTljMWYxMCJ9\" data-elementor-lightbox-description=\"Modern\u00e1 rohov\u00e1 seda\u010dka Eduard v elegantnej zelenej farbe, doplnen\u00e1 o nastavite\u013en\u00e9 opierky hlavy a m\u00e4kk\u00e9 \u010dal\u00fanenie. Ide\u00e1lna vo\u013eba do priestrann\u00fdch ob\u00fdva\u010diek, kde vynikne jej komfort, praktickos\u0165 a \u010dist\u00e9 l\u00ednie. Na sedackyajnamieru.sk si ju m\u00f4\u017eete vyrobi\u0165 na mieru presne pod\u013ea v\u00e1\u0161ho interi\u00e9ru.\" href='https:\/\/www.sedackyajnamieru.sk\/wp-content\/uploads\/2025\/06\/eduard_31_d.png'><img loading=\"lazy\" decoding=\"async\" width=\"1230\" height=\"692\" src=\"https:\/\/www.sedackyajnamieru.sk\/wp-content\/uploads\/2025\/06\/eduard_31_d.png\" class=\"attachment-full size-full\" alt=\"\" srcset=\"https:\/\/www.sedackyajnamieru.sk\/wp-content\/uploads\/2025\/06\/eduard_31_d.png 1230w, https:\/\/www.sedackyajnamieru.sk\/wp-content\/uploads\/2025\/06\/eduard_31_d-300x169.png 300w, https:\/\/www.sedackyajnamieru.sk\/wp-content\/uploads\/2025\/06\/eduard_31_d-1024x576.png 1024w, https:\/\/www.sedackyajnamieru.sk\/wp-content\/uploads\/2025\/06\/eduard_31_d-768x432.png 768w\" sizes=\"(max-width: 1230px) 100vw, 1230px\" \/><\/a>\n\t\t\t<\/div><\/figure><figure class='gallery-item'>\n\t\t\t<div class='gallery-icon landscape'>\n\t\t\t\t<a data-elementor-open-lightbox=\"yes\" data-elementor-lightbox-slideshow=\"19c1f10\" data-elementor-lightbox-title=\"eduard_32\" data-e-action-hash=\"#elementor-action%3Aaction%3Dlightbox%26settings%3DeyJpZCI6MTMzOSwidXJsIjoiaHR0cHM6XC9cL3d3dy5zZWRhY2t5YWpuYW1pZXJ1LnNrXC93cC1jb250ZW50XC91cGxvYWRzXC8yMDI1XC8wNlwvZWR1YXJkXzMyLnBuZyIsInNsaWRlc2hvdyI6IjE5YzFmMTAifQ%3D%3D\" data-elementor-lightbox-description=\"Modern\u00e1 rohov\u00e1 seda\u010dka Eduard v elegantnej zelenej farbe, doplnen\u00e1 o nastavite\u013en\u00e9 opierky hlavy a m\u00e4kk\u00e9 \u010dal\u00fanenie. Ide\u00e1lna vo\u013eba do priestrann\u00fdch ob\u00fdva\u010diek, kde vynikne jej komfort, praktickos\u0165 a \u010dist\u00e9 l\u00ednie. Na sedackyajnamieru.sk si ju m\u00f4\u017eete vyrobi\u0165 na mieru presne pod\u013ea v\u00e1\u0161ho interi\u00e9ru.\" href='https:\/\/www.sedackyajnamieru.sk\/wp-content\/uploads\/2025\/06\/eduard_32.png'><img loading=\"lazy\" decoding=\"async\" width=\"1230\" height=\"692\" src=\"https:\/\/www.sedackyajnamieru.sk\/wp-content\/uploads\/2025\/06\/eduard_32.png\" class=\"attachment-full size-full\" alt=\"\" srcset=\"https:\/\/www.sedackyajnamieru.sk\/wp-content\/uploads\/2025\/06\/eduard_32.png 1230w, https:\/\/www.sedackyajnamieru.sk\/wp-content\/uploads\/2025\/06\/eduard_32-300x169.png 300w, https:\/\/www.sedackyajnamieru.sk\/wp-content\/uploads\/2025\/06\/eduard_32-1024x576.png 1024w, https:\/\/www.sedackyajnamieru.sk\/wp-content\/uploads\/2025\/06\/eduard_32-768x432.png 768w\" sizes=\"(max-width: 1230px) 100vw, 1230px\" \/><\/a>\n\t\t\t<\/div><\/figure><figure class='gallery-item'>\n\t\t\t<div class='gallery-icon landscape'>\n\t\t\t\t<a data-elementor-open-lightbox=\"yes\" data-elementor-lightbox-slideshow=\"19c1f10\" data-elementor-lightbox-title=\"eduard_33\" data-e-action-hash=\"#elementor-action%3Aaction%3Dlightbox%26settings%3DeyJpZCI6MTM0MCwidXJsIjoiaHR0cHM6XC9cL3d3dy5zZWRhY2t5YWpuYW1pZXJ1LnNrXC93cC1jb250ZW50XC91cGxvYWRzXC8yMDI1XC8wNlwvZWR1YXJkXzMzLnBuZyIsInNsaWRlc2hvdyI6IjE5YzFmMTAifQ%3D%3D\" data-elementor-lightbox-description=\"Modern\u00e1 rohov\u00e1 seda\u010dka Eduard v elegantnej zelenej farbe, doplnen\u00e1 o nastavite\u013en\u00e9 opierky hlavy a m\u00e4kk\u00e9 \u010dal\u00fanenie. Ide\u00e1lna vo\u013eba do priestrann\u00fdch ob\u00fdva\u010diek, kde vynikne jej komfort, praktickos\u0165 a \u010dist\u00e9 l\u00ednie. Na sedackyajnamieru.sk si ju m\u00f4\u017eete vyrobi\u0165 na mieru presne pod\u013ea v\u00e1\u0161ho interi\u00e9ru.\" href='https:\/\/www.sedackyajnamieru.sk\/wp-content\/uploads\/2025\/06\/eduard_33.png'><img loading=\"lazy\" decoding=\"async\" width=\"1230\" height=\"692\" src=\"https:\/\/www.sedackyajnamieru.sk\/wp-content\/uploads\/2025\/06\/eduard_33.png\" class=\"attachment-full size-full\" alt=\"\" srcset=\"https:\/\/www.sedackyajnamieru.sk\/wp-content\/uploads\/2025\/06\/eduard_33.png 1230w, https:\/\/www.sedackyajnamieru.sk\/wp-content\/uploads\/2025\/06\/eduard_33-300x169.png 300w, https:\/\/www.sedackyajnamieru.sk\/wp-content\/uploads\/2025\/06\/eduard_33-1024x576.png 1024w, https:\/\/www.sedackyajnamieru.sk\/wp-content\/uploads\/2025\/06\/eduard_33-768x432.png 768w\" sizes=\"(max-width: 1230px) 100vw, 1230px\" \/><\/a>\n\t\t\t<\/div><\/figure>\n\t\t<\/div>\n\t\t<\/div>\n\t\t\t\t\t\t<\/div>\n\t\t\t\t<\/div>\n\t\t\t\t\t<\/div>\n\t\t\t\t<\/div>\n\t\t\t\t<\/div>","protected":false},"excerpt":{"rendered":"<p>seda\u010dka Eduard Seda\u010dka bola vyroben\u00e1 na z\u00e1klade n\u00e1vrhu z\u00e1kazn\u00edka a v\u010faka ve\u013ek\u00e9mu z\u00e1ujmu zaraden\u00e1 medzi na\u0161e st\u00e1le modely. Charakteristick\u00e9 s\u00fa pre \u0148u \u010dist\u00e9 l\u00ednie, vykl\u00e1pate\u013en\u00e9 hlavov\u00e9 operadl\u00e1 a hlb\u0161ie sedenie. Ide\u00e1lna do modern\u00fdch a minimalistick\u00fdch interi\u00e9rov. Samozrejmos\u0165ou je dostupnos\u0165 v textilnom aj ko\u017eenom preveden\u00ed. Rezervuj stretnutie Gal\u00e9ria Rozmerovo plne prisp\u00f4sobite\u013en\u00e1 Rozmerov\u00e1 sch\u00e9ma na stiahnutie Doprava [&hellip;]<\/p>\n","protected":false},"author":1,"featured_media":0,"parent":1364,"menu_order":0,"comment_status":"closed","ping_status":"closed","template":"","meta":{"inline_featured_image":false,"site-sidebar-layout":"no-sidebar","site-content-layout":"page-builder","ast-site-content-layout":"default","site-content-style":"default","site-sidebar-style":"default","ast-global-header-display":"","ast-banner-title-visibility":"","ast-main-header-display":"","ast-hfb-above-header-display":"","ast-hfb-below-header-display":"","ast-hfb-mobile-header-display":"","site-post-title":"disabled","ast-breadcrumbs-content":"","ast-featured-img":"disabled","footer-sml-layout":"","theme-transparent-header-meta":"enabled","adv-header-id-meta":"","stick-header-meta":"","header-above-stick-meta":"","header-main-stick-meta":"","header-below-stick-meta":"","astra-migrate-meta-layouts":"default","ast-page-background-enabled":"default","ast-page-background-meta":{"desktop":{"background-color":"","background-image":"","background-repeat":"repeat","background-position":"center center","background-size":"auto","background-attachment":"scroll","background-type":"","background-media":"","overlay-type":"","overlay-color":"","overlay-opacity":"","overlay-gradient":""},"tablet":{"background-color":"","background-image":"","background-repeat":"repeat","background-position":"center center","background-size":"auto","background-attachment":"scroll","background-type":"","background-media":"","overlay-type":"","overlay-color":"","overlay-opacity":"","overlay-gradient":""},"mobile":{"background-color":"","background-image":"","background-repeat":"repeat","background-position":"center center","background-size":"auto","background-attachment":"scroll","background-type":"","background-media":"","overlay-type":"","overlay-color":"","overlay-opacity":"","overlay-gradient":""}},"ast-content-background-meta":{"desktop":{"background-color":"var(--ast-global-color-5)","background-image":"","background-repeat":"repeat","background-position":"center center","background-size":"auto","background-attachment":"scroll","background-type":"","background-media":"","overlay-type":"","overlay-color":"","overlay-opacity":"","overlay-gradient":""},"tablet":{"background-color":"var(--ast-global-color-5)","background-image":"","background-repeat":"repeat","background-position":"center center","background-size":"auto","background-attachment":"scroll","background-type":"","background-media":"","overlay-type":"","overlay-color":"","overlay-opacity":"","overlay-gradient":""},"mobile":{"background-color":"var(--ast-global-color-5)","background-image":"","background-repeat":"repeat","background-position":"center center","background-size":"auto","background-attachment":"scroll","background-type":"","background-media":"","overlay-type":"","overlay-color":"","overlay-opacity":"","overlay-gradient":""}},"footnotes":""},"categories":[],"tags":[],"class_list":["post-2034","page","type-page","status-publish","hentry"],"yoast_head":"<!-- This site is optimized with the Yoast SEO Premium plugin v27.4 (Yoast SEO v27.4) - https:\/\/yoast.com\/product\/yoast-seo-premium-wordpress\/ -->\n<title>Eduard - Seda\u010dky aj na mieru<\/title>\n<meta name=\"robots\" content=\"index, follow, max-snippet:-1, max-image-preview:large, max-video-preview:-1\" \/>\n<link rel=\"canonical\" href=\"https:\/\/www.sedackyajnamieru.sk\/hu\/sedacky\/eduard\/\" \/>\n<meta property=\"og:locale\" content=\"hu_HU\" \/>\n<meta property=\"og:type\" content=\"article\" \/>\n<meta property=\"og:title\" content=\"Eduard\" \/>\n<meta property=\"og:description\" content=\"seda\u010dka Eduard Seda\u010dka bola vyroben\u00e1 na z\u00e1klade n\u00e1vrhu z\u00e1kazn\u00edka a v\u010faka ve\u013ek\u00e9mu z\u00e1ujmu zaraden\u00e1 medzi na\u0161e st\u00e1le modely. Charakteristick\u00e9 s\u00fa pre \u0148u \u010dist\u00e9 l\u00ednie, vykl\u00e1pate\u013en\u00e9 hlavov\u00e9 operadl\u00e1 a hlb\u0161ie sedenie. Ide\u00e1lna do modern\u00fdch a minimalistick\u00fdch interi\u00e9rov. Samozrejmos\u0165ou je dostupnos\u0165 v textilnom aj ko\u017eenom preveden\u00ed. Rezervuj stretnutie Gal\u00e9ria Rozmerovo plne prisp\u00f4sobite\u013en\u00e1 Rozmerov\u00e1 sch\u00e9ma na stiahnutie Doprava [&hellip;]\" \/>\n<meta property=\"og:url\" content=\"https:\/\/www.sedackyajnamieru.sk\/hu\/sedacky\/eduard\/\" \/>\n<meta property=\"og:site_name\" content=\"Seda\u010dky aj na mieru\" \/>\n<meta property=\"article:publisher\" content=\"https:\/\/www.facebook.com\/mgtpro\" \/>\n<meta property=\"article:modified_time\" content=\"2026-01-06T22:26:48+00:00\" \/>\n<meta property=\"og:image\" content=\"https:\/\/www.sedackyajnamieru.sk\/wp-content\/uploads\/2026\/01\/eduard_ai_04-e1767738132809.png\" \/>\n<meta name=\"twitter:card\" content=\"summary_large_image\" \/>\n<meta name=\"twitter:label1\" content=\"Becs\u00fclt olvas\u00e1si id\u0151\" \/>\n\t<meta name=\"twitter:data1\" content=\"9 perc\" \/>\n<script type=\"application\/ld+json\" class=\"yoast-schema-graph\">{\"@context\":\"https:\\\/\\\/schema.org\",\"@graph\":[{\"@type\":\"WebPage\",\"@id\":\"https:\\\/\\\/www.sedackyajnamieru.sk\\\/sedacky\\\/eduard\\\/\",\"url\":\"https:\\\/\\\/www.sedackyajnamieru.sk\\\/sedacky\\\/eduard\\\/\",\"name\":\"Eduard - Seda\u010dky aj na mieru\",\"isPartOf\":{\"@id\":\"https:\\\/\\\/www.sedackyajnamieru.sk\\\/#website\"},\"primaryImageOfPage\":{\"@id\":\"https:\\\/\\\/www.sedackyajnamieru.sk\\\/sedacky\\\/eduard\\\/#primaryimage\"},\"image\":{\"@id\":\"https:\\\/\\\/www.sedackyajnamieru.sk\\\/sedacky\\\/eduard\\\/#primaryimage\"},\"thumbnailUrl\":\"https:\\\/\\\/www.sedackyajnamieru.sk\\\/wp-content\\\/uploads\\\/2026\\\/01\\\/eduard_ai_04-e1767738132809.png\",\"datePublished\":\"2025-08-26T09:47:54+00:00\",\"dateModified\":\"2026-01-06T22:26:48+00:00\",\"breadcrumb\":{\"@id\":\"https:\\\/\\\/www.sedackyajnamieru.sk\\\/sedacky\\\/eduard\\\/#breadcrumb\"},\"inLanguage\":\"hu\",\"potentialAction\":[{\"@type\":\"ReadAction\",\"target\":[\"https:\\\/\\\/www.sedackyajnamieru.sk\\\/sedacky\\\/eduard\\\/\"]}]},{\"@type\":\"ImageObject\",\"inLanguage\":\"hu\",\"@id\":\"https:\\\/\\\/www.sedackyajnamieru.sk\\\/sedacky\\\/eduard\\\/#primaryimage\",\"url\":\"https:\\\/\\\/www.sedackyajnamieru.sk\\\/wp-content\\\/uploads\\\/2026\\\/01\\\/eduard_ai_04-e1767738132809.png\",\"contentUrl\":\"https:\\\/\\\/www.sedackyajnamieru.sk\\\/wp-content\\\/uploads\\\/2026\\\/01\\\/eduard_ai_04-e1767738132809.png\"},{\"@type\":\"BreadcrumbList\",\"@id\":\"https:\\\/\\\/www.sedackyajnamieru.sk\\\/sedacky\\\/eduard\\\/#breadcrumb\",\"itemListElement\":[{\"@type\":\"ListItem\",\"position\":1,\"name\":\"Domovsk\u00e1 str\u00e1nka\",\"item\":\"https:\\\/\\\/www.sedackyajnamieru.sk\\\/\"},{\"@type\":\"ListItem\",\"position\":2,\"name\":\"Seda\u010dky\",\"item\":\"https:\\\/\\\/www.sedackyajnamieru.sk\\\/sedacky\\\/\"},{\"@type\":\"ListItem\",\"position\":3,\"name\":\"Eduard\"}]},{\"@type\":\"WebSite\",\"@id\":\"https:\\\/\\\/www.sedackyajnamieru.sk\\\/#website\",\"url\":\"https:\\\/\\\/www.sedackyajnamieru.sk\\\/\",\"name\":\"Seda\u010dky aj na mieru\",\"description\":\"\",\"publisher\":{\"@id\":\"https:\\\/\\\/www.sedackyajnamieru.sk\\\/#organization\"},\"potentialAction\":[{\"@type\":\"SearchAction\",\"target\":{\"@type\":\"EntryPoint\",\"urlTemplate\":\"https:\\\/\\\/www.sedackyajnamieru.sk\\\/?s={search_term_string}\"},\"query-input\":{\"@type\":\"PropertyValueSpecification\",\"valueRequired\":true,\"valueName\":\"search_term_string\"}}],\"inLanguage\":\"hu\"},{\"@type\":\"Organization\",\"@id\":\"https:\\\/\\\/www.sedackyajnamieru.sk\\\/#organization\",\"name\":\"MGT-PRO s.r.o.\",\"url\":\"https:\\\/\\\/www.sedackyajnamieru.sk\\\/\",\"logo\":{\"@type\":\"ImageObject\",\"inLanguage\":\"hu\",\"@id\":\"https:\\\/\\\/www.sedackyajnamieru.sk\\\/#\\\/schema\\\/logo\\\/image\\\/\",\"url\":\"https:\\\/\\\/www.sedackyajnamieru.sk\\\/wp-content\\\/uploads\\\/2025\\\/06\\\/logo_sofa_mgt-pro.svg\",\"contentUrl\":\"https:\\\/\\\/www.sedackyajnamieru.sk\\\/wp-content\\\/uploads\\\/2025\\\/06\\\/logo_sofa_mgt-pro.svg\",\"width\":31,\"height\":31,\"caption\":\"MGT-PRO s.r.o.\"},\"image\":{\"@id\":\"https:\\\/\\\/www.sedackyajnamieru.sk\\\/#\\\/schema\\\/logo\\\/image\\\/\"},\"sameAs\":[\"https:\\\/\\\/www.facebook.com\\\/mgtpro\",\"https:\\\/\\\/www.instagram.com\\\/mgtsedacky\\\/\"]}]}<\/script>\n<!-- \/ Yoast SEO Premium plugin. -->","yoast_head_json":{"title":"Eduard - Seda\u010dky aj na mieru","robots":{"index":"index","follow":"follow","max-snippet":"max-snippet:-1","max-image-preview":"max-image-preview:large","max-video-preview":"max-video-preview:-1"},"canonical":"https:\/\/www.sedackyajnamieru.sk\/hu\/sedacky\/eduard\/","og_locale":"hu_HU","og_type":"article","og_title":"Eduard","og_description":"seda\u010dka Eduard Seda\u010dka bola vyroben\u00e1 na z\u00e1klade n\u00e1vrhu z\u00e1kazn\u00edka a v\u010faka ve\u013ek\u00e9mu z\u00e1ujmu zaraden\u00e1 medzi na\u0161e st\u00e1le modely. Charakteristick\u00e9 s\u00fa pre \u0148u \u010dist\u00e9 l\u00ednie, vykl\u00e1pate\u013en\u00e9 hlavov\u00e9 operadl\u00e1 a hlb\u0161ie sedenie. Ide\u00e1lna do modern\u00fdch a minimalistick\u00fdch interi\u00e9rov. Samozrejmos\u0165ou je dostupnos\u0165 v textilnom aj ko\u017eenom preveden\u00ed. Rezervuj stretnutie Gal\u00e9ria Rozmerovo plne prisp\u00f4sobite\u013en\u00e1 Rozmerov\u00e1 sch\u00e9ma na stiahnutie Doprava [&hellip;]","og_url":"https:\/\/www.sedackyajnamieru.sk\/hu\/sedacky\/eduard\/","og_site_name":"Seda\u010dky aj na mieru","article_publisher":"https:\/\/www.facebook.com\/mgtpro","article_modified_time":"2026-01-06T22:26:48+00:00","og_image":[{"url":"https:\/\/www.sedackyajnamieru.sk\/wp-content\/uploads\/2026\/01\/eduard_ai_04-e1767738132809.png","type":"","width":"","height":""}],"twitter_card":"summary_large_image","twitter_misc":{"Becs\u00fclt olvas\u00e1si id\u0151":"9 perc"},"schema":{"@context":"https:\/\/schema.org","@graph":[{"@type":"WebPage","@id":"https:\/\/www.sedackyajnamieru.sk\/sedacky\/eduard\/","url":"https:\/\/www.sedackyajnamieru.sk\/sedacky\/eduard\/","name":"Eduard - Seda\u010dky aj na mieru","isPartOf":{"@id":"https:\/\/www.sedackyajnamieru.sk\/#website"},"primaryImageOfPage":{"@id":"https:\/\/www.sedackyajnamieru.sk\/sedacky\/eduard\/#primaryimage"},"image":{"@id":"https:\/\/www.sedackyajnamieru.sk\/sedacky\/eduard\/#primaryimage"},"thumbnailUrl":"https:\/\/www.sedackyajnamieru.sk\/wp-content\/uploads\/2026\/01\/eduard_ai_04-e1767738132809.png","datePublished":"2025-08-26T09:47:54+00:00","dateModified":"2026-01-06T22:26:48+00:00","breadcrumb":{"@id":"https:\/\/www.sedackyajnamieru.sk\/sedacky\/eduard\/#breadcrumb"},"inLanguage":"hu","potentialAction":[{"@type":"ReadAction","target":["https:\/\/www.sedackyajnamieru.sk\/sedacky\/eduard\/"]}]},{"@type":"ImageObject","inLanguage":"hu","@id":"https:\/\/www.sedackyajnamieru.sk\/sedacky\/eduard\/#primaryimage","url":"https:\/\/www.sedackyajnamieru.sk\/wp-content\/uploads\/2026\/01\/eduard_ai_04-e1767738132809.png","contentUrl":"https:\/\/www.sedackyajnamieru.sk\/wp-content\/uploads\/2026\/01\/eduard_ai_04-e1767738132809.png"},{"@type":"BreadcrumbList","@id":"https:\/\/www.sedackyajnamieru.sk\/sedacky\/eduard\/#breadcrumb","itemListElement":[{"@type":"ListItem","position":1,"name":"Domovsk\u00e1 str\u00e1nka","item":"https:\/\/www.sedackyajnamieru.sk\/"},{"@type":"ListItem","position":2,"name":"Seda\u010dky","item":"https:\/\/www.sedackyajnamieru.sk\/sedacky\/"},{"@type":"ListItem","position":3,"name":"Eduard"}]},{"@type":"WebSite","@id":"https:\/\/www.sedackyajnamieru.sk\/#website","url":"https:\/\/www.sedackyajnamieru.sk\/","name":"M\u00e9retre gy\u00e1rtott kanap\u00e9k","description":"","publisher":{"@id":"https:\/\/www.sedackyajnamieru.sk\/#organization"},"potentialAction":[{"@type":"SearchAction","target":{"@type":"EntryPoint","urlTemplate":"https:\/\/www.sedackyajnamieru.sk\/?s={search_term_string}"},"query-input":{"@type":"PropertyValueSpecification","valueRequired":true,"valueName":"search_term_string"}}],"inLanguage":"hu"},{"@type":"Organization","@id":"https:\/\/www.sedackyajnamieru.sk\/#organization","name":"MGT-PRO s.r.o.","url":"https:\/\/www.sedackyajnamieru.sk\/","logo":{"@type":"ImageObject","inLanguage":"hu","@id":"https:\/\/www.sedackyajnamieru.sk\/#\/schema\/logo\/image\/","url":"https:\/\/www.sedackyajnamieru.sk\/wp-content\/uploads\/2025\/06\/logo_sofa_mgt-pro.svg","contentUrl":"https:\/\/www.sedackyajnamieru.sk\/wp-content\/uploads\/2025\/06\/logo_sofa_mgt-pro.svg","width":31,"height":31,"caption":"MGT-PRO s.r.o."},"image":{"@id":"https:\/\/www.sedackyajnamieru.sk\/#\/schema\/logo\/image\/"},"sameAs":["https:\/\/www.facebook.com\/mgtpro","https:\/\/www.instagram.com\/mgtsedacky\/"]}]}},"_links":{"self":[{"href":"https:\/\/www.sedackyajnamieru.sk\/hu\/wp-json\/wp\/v2\/pages\/2034","targetHints":{"allow":["GET"]}}],"collection":[{"href":"https:\/\/www.sedackyajnamieru.sk\/hu\/wp-json\/wp\/v2\/pages"}],"about":[{"href":"https:\/\/www.sedackyajnamieru.sk\/hu\/wp-json\/wp\/v2\/types\/page"}],"author":[{"embeddable":true,"href":"https:\/\/www.sedackyajnamieru.sk\/hu\/wp-json\/wp\/v2\/users\/1"}],"replies":[{"embeddable":true,"href":"https:\/\/www.sedackyajnamieru.sk\/hu\/wp-json\/wp\/v2\/comments?post=2034"}],"version-history":[{"count":24,"href":"https:\/\/www.sedackyajnamieru.sk\/hu\/wp-json\/wp\/v2\/pages\/2034\/revisions"}],"predecessor-version":[{"id":4398,"href":"https:\/\/www.sedackyajnamieru.sk\/hu\/wp-json\/wp\/v2\/pages\/2034\/revisions\/4398"}],"up":[{"embeddable":true,"href":"https:\/\/www.sedackyajnamieru.sk\/hu\/wp-json\/wp\/v2\/pages\/1364"}],"wp:attachment":[{"href":"https:\/\/www.sedackyajnamieru.sk\/hu\/wp-json\/wp\/v2\/media?parent=2034"}],"wp:term":[{"taxonomy":"category","embeddable":true,"href":"https:\/\/www.sedackyajnamieru.sk\/hu\/wp-json\/wp\/v2\/categories?post=2034"},{"taxonomy":"post_tag","embeddable":true,"href":"https:\/\/www.sedackyajnamieru.sk\/hu\/wp-json\/wp\/v2\/tags?post=2034"}],"curies":[{"name":"wp","href":"https:\/\/api.w.org\/{rel}","templated":true}]}}